{"id":4487,"date":"2021-08-17T14:53:53","date_gmt":"2021-08-17T14:53:53","guid":{"rendered":"https:\/\/www.provectra.de\/?page_id=4487"},"modified":"2022-04-25T15:10:53","modified_gmt":"2022-04-25T15:10:53","slug":"blog","status":"publish","type":"page","link":"https:\/\/www.provectra.de\/de\/blog\/","title":{"rendered":"Blog"},"content":{"rendered":"\t\t<div data-elementor-type=\"wp-page\" data-elementor-id=\"4487\" class=\"elementor elementor-4487\">\n\t\t\t\t\t\t<section class=\"elementor-section elementor-top-section elementor-element elementor-element-66dad91 elementor-section-boxed elementor-section-height-default elementor-section-height-default\" data-id=\"66dad91\" data-element_type=\"section\">\n\t\t\t\t\t\t<div class=\"elementor-container elementor-column-gap-default\">\n\t\t\t\t\t<div class=\"elementor-column elementor-col-100 elementor-top-column elementor-element elementor-element-93307c8\" data-id=\"93307c8\" data-element_type=\"column\">\n\t\t\t<div class=\"elementor-widget-wrap elementor-element-populated\">\n\t\t\t\t\t\t<div class=\"elementor-element elementor-element-ecc7603 elementor-widget elementor-widget-spacer\" data-id=\"ecc7603\" data-element_type=\"widget\" data-widget_type=\"spacer.default\">\n\t\t\t\t<div class=\"elementor-widget-container\">\n\t\t\t\t\t\t\t<div class=\"elementor-spacer\">\n\t\t\t<div class=\"elementor-spacer-inner\"><\/div>\n\t\t<\/div>\n\t\t\t\t\t\t<\/div>\n\t\t\t\t<\/div>\n\t\t\t\t\t<\/div>\n\t\t<\/div>\n\t\t\t\t\t<\/div>\n\t\t<\/section>\n\t\t\t\t<section class=\"elementor-section elementor-top-section elementor-element elementor-element-2e228d1 elementor-section-boxed elementor-section-height-default elementor-section-height-default\" data-id=\"2e228d1\" data-element_type=\"section\">\n\t\t\t\t\t\t<div class=\"elementor-container elementor-column-gap-default\">\n\t\t\t\t\t<div class=\"elementor-column elementor-col-100 elementor-top-column elementor-element elementor-element-b1ad078\" data-id=\"b1ad078\" data-element_type=\"column\">\n\t\t\t<div class=\"elementor-widget-wrap elementor-element-populated\">\n\t\t\t\t\t\t<div class=\"elementor-element elementor-element-62ad0bf elementor-widget elementor-widget-heading\" data-id=\"62ad0bf\" data-element_type=\"widget\" data-widget_type=\"heading.default\">\n\t\t\t\t<div class=\"elementor-widget-container\">\n\t\t\t\t\t<h1 class=\"elementor-heading-title elementor-size-default\">Provectra<b style=\"font-family: sans-serif;font-size: 14px\">&nbsp;&nbsp;<\/b>Blog <\/h1>\t\t\t\t<\/div>\n\t\t\t\t<\/div>\n\t\t\t\t\t<\/div>\n\t\t<\/div>\n\t\t\t\t\t<\/div>\n\t\t<\/section>\n\t\t\t\t<section class=\"elementor-section elementor-top-section elementor-element elementor-element-8d4aef0 elementor-section-boxed elementor-section-height-default elementor-section-height-default\" data-id=\"8d4aef0\" data-element_type=\"section\">\n\t\t\t\t\t\t<div class=\"elementor-container elementor-column-gap-default\">\n\t\t\t\t\t<div class=\"elementor-column elementor-col-100 elementor-top-column elementor-element elementor-element-d59ea51\" data-id=\"d59ea51\" data-element_type=\"column\">\n\t\t\t<div class=\"elementor-widget-wrap elementor-element-populated\">\n\t\t\t\t\t\t<div class=\"elementor-element elementor-element-9d60a38 elementor-widget-divider--view-line elementor-widget elementor-widget-divider\" data-id=\"9d60a38\" data-element_type=\"widget\" data-widget_type=\"divider.default\">\n\t\t\t\t<div class=\"elementor-widget-container\">\n\t\t\t\t\t\t\t<div class=\"elementor-divider\">\n\t\t\t<span class=\"elementor-divider-separator\">\n\t\t\t\t\t\t<\/span>\n\t\t<\/div>\n\t\t\t\t\t\t<\/div>\n\t\t\t\t<\/div>\n\t\t\t\t\t<\/div>\n\t\t<\/div>\n\t\t\t\t\t<\/div>\n\t\t<\/section>\n\t\t\t\t<section class=\"elementor-section elementor-top-section elementor-element elementor-element-2d439fe elementor-section-boxed elementor-section-height-default elementor-section-height-default\" data-id=\"2d439fe\" data-element_type=\"section\">\n\t\t\t\t\t\t<div class=\"elementor-container elementor-column-gap-default\">\n\t\t\t\t\t<div class=\"elementor-column elementor-col-100 elementor-top-column elementor-element elementor-element-d86e8fd\" data-id=\"d86e8fd\" data-element_type=\"column\">\n\t\t\t<div class=\"elementor-widget-wrap elementor-element-populated\">\n\t\t\t\t\t\t<div class=\"elementor-element elementor-element-d4f7d84 elementor-widget elementor-widget-spacer\" data-id=\"d4f7d84\" data-element_type=\"widget\" data-widget_type=\"spacer.default\">\n\t\t\t\t<div class=\"elementor-widget-container\">\n\t\t\t\t\t\t\t<div class=\"elementor-spacer\">\n\t\t\t<div class=\"elementor-spacer-inner\"><\/div>\n\t\t<\/div>\n\t\t\t\t\t\t<\/div>\n\t\t\t\t<\/div>\n\t\t\t\t\t<\/div>\n\t\t<\/div>\n\t\t\t\t\t<\/div>\n\t\t<\/section>\n\t\t\t\t<section class=\"elementor-section elementor-top-section elementor-element elementor-element-98c5597 elementor-section-boxed elementor-section-height-default elementor-section-height-default\" data-id=\"98c5597\" data-element_type=\"section\">\n\t\t\t\t\t\t<div class=\"elementor-container elementor-column-gap-default\">\n\t\t\t\t\t<div class=\"elementor-column elementor-col-50 elementor-top-column elementor-element elementor-element-0b6fc96\" data-id=\"0b6fc96\" data-element_type=\"column\">\n\t\t\t<div class=\"elementor-widget-wrap elementor-element-populated\">\n\t\t\t\t\t\t<div class=\"elementor-element elementor-element-f0f32cc elementor-widget elementor-widget-heading\" data-id=\"f0f32cc\" data-element_type=\"widget\" data-widget_type=\"heading.default\">\n\t\t\t\t<div class=\"elementor-widget-container\">\n\t\t\t\t\t<h2 class=\"elementor-heading-title elementor-size-default\"><span style=\"color: var( --e-global-color-primary );font-family: var( --e-global-typography-primary-font-family ), Sans-serif;font-weight: var( --e-global-typography-primary-font-weight )\">Leere Regale im Supermarkt: Bald auch in Deutschland? <\/span><\/h2>\t\t\t\t<\/div>\n\t\t\t\t<\/div>\n\t\t\t\t<div class=\"elementor-element elementor-element-b22fba9 elementor-widget elementor-widget-heading\" data-id=\"b22fba9\" data-element_type=\"widget\" data-widget_type=\"heading.default\">\n\t\t\t\t<div class=\"elementor-widget-container\">\n\t\t\t\t\t<h2 class=\"elementor-heading-title elementor-size-default\">Lesezeit: ca. 2 Minuten<\/h2>\t\t\t\t<\/div>\n\t\t\t\t<\/div>\n\t\t\t\t<div class=\"elementor-element elementor-element-606d124 elementor-widget elementor-widget-text-editor\" data-id=\"606d124\" data-element_type=\"widget\" data-widget_type=\"text-editor.default\">\n\t\t\t\t<div class=\"elementor-widget-container\">\n\t\t\t\t\t\t\t\t\t<p>Leere Regale in den Superm\u00e4rkten, Tanken auf Vorrat \u2013 W\u00e4hrend England aktuell \u00fcberall in den Nachrichten ist, k\u00f6nnten solche Meldungen auch in Deutschland bald Realit\u00e4t werden.<\/p>\t\t\t\t\t\t\t\t<\/div>\n\t\t\t\t<\/div>\n\t\t\t\t<div class=\"elementor-element elementor-element-2175dfe elementor-align-left elementor-mobile-align-justify elementor-widget elementor-widget-button\" data-id=\"2175dfe\" data-element_type=\"widget\" data-widget_type=\"button.default\">\n\t\t\t\t<div class=\"elementor-widget-container\">\n\t\t\t\t\t\t\t\t\t<div class=\"elementor-button-wrapper\">\n\t\t\t\t\t<a class=\"elementor-button elementor-button-link elementor-size-sm\" href=\"https:\/\/www.provectra.de\/leere-regale-im-supermarkt-bald-auch-in-deutschland\/\" target=\"_blank\">\n\t\t\t\t\t\t<span class=\"elementor-button-content-wrapper\">\n\t\t\t\t\t\t\t\t\t<span class=\"elementor-button-text\">Zum Blog<\/span>\n\t\t\t\t\t<\/span>\n\t\t\t\t\t<\/a>\n\t\t\t\t<\/div>\n\t\t\t\t\t\t\t\t<\/div>\n\t\t\t\t<\/div>\n\t\t\t\t\t<\/div>\n\t\t<\/div>\n\t\t\t\t<div class=\"elementor-column elementor-col-50 elementor-top-column elementor-element elementor-element-6584244\" data-id=\"6584244\" data-element_type=\"column\">\n\t\t\t<div class=\"elementor-widget-wrap elementor-element-populated\">\n\t\t\t\t\t\t<div class=\"elementor-element elementor-element-8fc0b99 elementor-widget elementor-widget-image\" data-id=\"8fc0b99\" data-element_type=\"widget\" data-widget_type=\"image.default\">\n\t\t\t\t<div class=\"elementor-widget-container\">\n\t\t\t\t\t\t\t\t\t\t\t\t\t\t\t<img fetchpriority=\"high\" decoding=\"async\" width=\"1024\" height=\"1024\" src=\"https:\/\/www.provectra.de\/wp-content\/uploads\/2021\/10\/Blog-4-Fahrermangel-1024x1024.jpg\" class=\"attachment-large size-large wp-image-4986\" alt=\"Leere Regale im Supermarkt?\" srcset=\"https:\/\/www.provectra.de\/wp-content\/uploads\/2021\/10\/Blog-4-Fahrermangel-1024x1024.jpg 1024w, https:\/\/www.provectra.de\/wp-content\/uploads\/2021\/10\/elementor\/thumbs\/Blog-4-Fahrermangel-scaled-pesrg7llqsds78799gf1qqgexz1tg2hwzn77rwjrnc.jpg 300w, https:\/\/www.provectra.de\/wp-content\/uploads\/2021\/10\/Blog-4-Fahrermangel-scaled-100x100.jpg 100w, https:\/\/www.provectra.de\/wp-content\/uploads\/2021\/10\/Blog-4-Fahrermangel-scaled-590x590.jpg 590w, https:\/\/www.provectra.de\/wp-content\/uploads\/2021\/10\/Blog-4-Fahrermangel-150x150.jpg 150w, https:\/\/www.provectra.de\/wp-content\/uploads\/2021\/10\/Blog-4-Fahrermangel-768x768.jpg 768w, https:\/\/www.provectra.de\/wp-content\/uploads\/2021\/10\/Blog-4-Fahrermangel-1536x1536.jpg 1536w, https:\/\/www.provectra.de\/wp-content\/uploads\/2021\/10\/Blog-4-Fahrermangel-2048x2048.jpg 2048w, https:\/\/www.provectra.de\/wp-content\/uploads\/2021\/10\/Blog-4-Fahrermangel-12x12.jpg 12w, https:\/\/www.provectra.de\/wp-content\/uploads\/2021\/10\/Blog-4-Fahrermangel-500x500.jpg 500w, https:\/\/www.provectra.de\/wp-content\/uploads\/2021\/10\/Blog-4-Fahrermangel-800x800.jpg 800w, https:\/\/www.provectra.de\/wp-content\/uploads\/2021\/10\/Blog-4-Fahrermangel-1280x1280.jpg 1280w, https:\/\/www.provectra.de\/wp-content\/uploads\/2021\/10\/Blog-4-Fahrermangel-1920x1920.jpg 1920w\" sizes=\"(max-width: 1024px) 100vw, 1024px\" \/>\t\t\t\t\t\t\t\t\t\t\t\t\t\t\t<\/div>\n\t\t\t\t<\/div>\n\t\t\t\t\t<\/div>\n\t\t<\/div>\n\t\t\t\t\t<\/div>\n\t\t<\/section>\n\t\t\t\t<section class=\"elementor-section elementor-top-section elementor-element elementor-element-f8bb466 elementor-section-boxed elementor-section-height-default elementor-section-height-default\" data-id=\"f8bb466\" data-element_type=\"section\">\n\t\t\t\t\t\t<div class=\"elementor-container elementor-column-gap-default\">\n\t\t\t\t\t<div class=\"elementor-column elementor-col-100 elementor-top-column elementor-element elementor-element-38b3ac7\" data-id=\"38b3ac7\" data-element_type=\"column\">\n\t\t\t<div class=\"elementor-widget-wrap elementor-element-populated\">\n\t\t\t\t\t\t<div class=\"elementor-element elementor-element-b645c6e elementor-widget elementor-widget-spacer\" data-id=\"b645c6e\" data-element_type=\"widget\" data-widget_type=\"spacer.default\">\n\t\t\t\t<div class=\"elementor-widget-container\">\n\t\t\t\t\t\t\t<div class=\"elementor-spacer\">\n\t\t\t<div class=\"elementor-spacer-inner\"><\/div>\n\t\t<\/div>\n\t\t\t\t\t\t<\/div>\n\t\t\t\t<\/div>\n\t\t\t\t\t<\/div>\n\t\t<\/div>\n\t\t\t\t\t<\/div>\n\t\t<\/section>\n\t\t\t\t<section class=\"elementor-section elementor-top-section elementor-element elementor-element-9610d65 elementor-section-boxed elementor-section-height-default elementor-section-height-default\" data-id=\"9610d65\" data-element_type=\"section\">\n\t\t\t\t\t\t<div class=\"elementor-container elementor-column-gap-default\">\n\t\t\t\t\t<div class=\"elementor-column elementor-col-50 elementor-top-column elementor-element elementor-element-bf6f701\" data-id=\"bf6f701\" data-element_type=\"column\">\n\t\t\t<div class=\"elementor-widget-wrap elementor-element-populated\">\n\t\t\t\t\t\t<div class=\"elementor-element elementor-element-6ee9ce1 elementor-widget elementor-widget-heading\" data-id=\"6ee9ce1\" data-element_type=\"widget\" data-widget_type=\"heading.default\">\n\t\t\t\t<div class=\"elementor-widget-container\">\n\t\t\t\t\t<h2 class=\"elementor-heading-title elementor-size-default\"><span style=\"color: var( --e-global-color-primary );font-family: var( --e-global-typography-primary-font-family ), Sans-serif;font-weight: var( --e-global-typography-primary-font-weight )\">Reibungslose Supply Chain - sch\u00f6ne Vorstellung oder wirklich machbar? <\/span><\/h2>\t\t\t\t<\/div>\n\t\t\t\t<\/div>\n\t\t\t\t<div class=\"elementor-element elementor-element-c8b6ba6 elementor-widget elementor-widget-heading\" data-id=\"c8b6ba6\" data-element_type=\"widget\" data-widget_type=\"heading.default\">\n\t\t\t\t<div class=\"elementor-widget-container\">\n\t\t\t\t\t<h2 class=\"elementor-heading-title elementor-size-default\">Lesezeit: ca. 2 Minuten<\/h2>\t\t\t\t<\/div>\n\t\t\t\t<\/div>\n\t\t\t\t<div class=\"elementor-element elementor-element-bf9fdc1 elementor-widget elementor-widget-text-editor\" data-id=\"bf9fdc1\" data-element_type=\"widget\" data-widget_type=\"text-editor.default\">\n\t\t\t\t<div class=\"elementor-widget-container\">\n\t\t\t\t\t\t\t\t\t<p>Nichts hinterl\u00e4sst einen besseren Eindruck beim Kunden, als wenn alles l\u00e4uft. Oberstes Ziel sollte es sein, positive Kundenerlebnisse zu schaffen. Wo Sie ansetzen k\u00f6nnen, erfahren Sie in unserem Blog.<\/p>\t\t\t\t\t\t\t\t<\/div>\n\t\t\t\t<\/div>\n\t\t\t\t<div class=\"elementor-element elementor-element-975846e elementor-align-left elementor-mobile-align-justify elementor-widget elementor-widget-button\" data-id=\"975846e\" data-element_type=\"widget\" data-widget_type=\"button.default\">\n\t\t\t\t<div class=\"elementor-widget-container\">\n\t\t\t\t\t\t\t\t\t<div class=\"elementor-button-wrapper\">\n\t\t\t\t\t<a class=\"elementor-button elementor-button-link elementor-size-sm\" href=\"https:\/\/www.provectra.de\/de\/reibungslose-supply-chain-schoene-vorstellung-oder-wirklich-machbar\/\" target=\"_blank\">\n\t\t\t\t\t\t<span class=\"elementor-button-content-wrapper\">\n\t\t\t\t\t\t\t\t\t<span class=\"elementor-button-text\">Zum Blog<\/span>\n\t\t\t\t\t<\/span>\n\t\t\t\t\t<\/a>\n\t\t\t\t<\/div>\n\t\t\t\t\t\t\t\t<\/div>\n\t\t\t\t<\/div>\n\t\t\t\t\t<\/div>\n\t\t<\/div>\n\t\t\t\t<div class=\"elementor-column elementor-col-50 elementor-top-column elementor-element elementor-element-debdbfe\" data-id=\"debdbfe\" data-element_type=\"column\">\n\t\t\t<div class=\"elementor-widget-wrap elementor-element-populated\">\n\t\t\t\t\t\t<div class=\"elementor-element elementor-element-5cf0410 elementor-widget elementor-widget-image\" data-id=\"5cf0410\" data-element_type=\"widget\" data-widget_type=\"image.default\">\n\t\t\t\t<div class=\"elementor-widget-container\">\n\t\t\t\t\t\t\t\t\t\t\t\t\t\t\t<img decoding=\"async\" width=\"1024\" height=\"1024\" data-src=\"https:\/\/www.provectra.de\/wp-content\/uploads\/2021\/09\/Supply-Chain-Blog-3-Teaser-Home-1024x1024.jpg\" class=\"attachment-large size-large wp-image-4707 lazyload\" alt=\"Lieferkette optimieren, Potenziale entfalten\" data-srcset=\"https:\/\/www.provectra.de\/wp-content\/uploads\/2021\/09\/Supply-Chain-Blog-3-Teaser-Home-1024x1024.jpg 1024w, https:\/\/www.provectra.de\/wp-content\/uploads\/2021\/09\/elementor\/thumbs\/Supply-Chain-Blog-3-Teaser-Home-scaled-pdrol03z3gfbvj2lxbt2xartw11yc2ni0g4q4ghgoo.jpg 300w, https:\/\/www.provectra.de\/wp-content\/uploads\/2021\/09\/Supply-Chain-Blog-3-Teaser-Home-scaled-100x100.jpg 100w, https:\/\/www.provectra.de\/wp-content\/uploads\/2021\/09\/Supply-Chain-Blog-3-Teaser-Home-scaled-590x590.jpg 590w, https:\/\/www.provectra.de\/wp-content\/uploads\/2021\/09\/Supply-Chain-Blog-3-Teaser-Home-150x150.jpg 150w, https:\/\/www.provectra.de\/wp-content\/uploads\/2021\/09\/Supply-Chain-Blog-3-Teaser-Home-768x768.jpg 768w, https:\/\/www.provectra.de\/wp-content\/uploads\/2021\/09\/Supply-Chain-Blog-3-Teaser-Home-1536x1536.jpg 1536w, https:\/\/www.provectra.de\/wp-content\/uploads\/2021\/09\/Supply-Chain-Blog-3-Teaser-Home-2048x2048.jpg 2048w, https:\/\/www.provectra.de\/wp-content\/uploads\/2021\/09\/Supply-Chain-Blog-3-Teaser-Home-12x12.jpg 12w\" data-sizes=\"(max-width: 1024px) 100vw, 1024px\" src=\"data:image\/svg+xml;base64,PHN2ZyB3aWR0aD0iMSIgaGVpZ2h0PSIxIiB4bWxucz0iaHR0cDovL3d3dy53My5vcmcvMjAwMC9zdmciPjwvc3ZnPg==\" style=\"--smush-placeholder-width: 1024px; --smush-placeholder-aspect-ratio: 1024\/1024;\" \/>\t\t\t\t\t\t\t\t\t\t\t\t\t\t\t<\/div>\n\t\t\t\t<\/div>\n\t\t\t\t\t<\/div>\n\t\t<\/div>\n\t\t\t\t\t<\/div>\n\t\t<\/section>\n\t\t\t\t<section class=\"elementor-section elementor-top-section elementor-element elementor-element-e3b4a8a elementor-section-boxed elementor-section-height-default elementor-section-height-default\" data-id=\"e3b4a8a\" data-element_type=\"section\">\n\t\t\t\t\t\t<div class=\"elementor-container elementor-column-gap-default\">\n\t\t\t\t\t<div class=\"elementor-column elementor-col-100 elementor-top-column elementor-element elementor-element-75d71d7\" data-id=\"75d71d7\" data-element_type=\"column\">\n\t\t\t<div class=\"elementor-widget-wrap elementor-element-populated\">\n\t\t\t\t\t\t<div class=\"elementor-element elementor-element-2d38a37 elementor-widget elementor-widget-spacer\" data-id=\"2d38a37\" data-element_type=\"widget\" data-widget_type=\"spacer.default\">\n\t\t\t\t<div class=\"elementor-widget-container\">\n\t\t\t\t\t\t\t<div class=\"elementor-spacer\">\n\t\t\t<div class=\"elementor-spacer-inner\"><\/div>\n\t\t<\/div>\n\t\t\t\t\t\t<\/div>\n\t\t\t\t<\/div>\n\t\t\t\t\t<\/div>\n\t\t<\/div>\n\t\t\t\t\t<\/div>\n\t\t<\/section>\n\t\t\t\t<section class=\"elementor-section elementor-top-section elementor-element elementor-element-d0436c0 elementor-section-boxed elementor-section-height-default elementor-section-height-default\" data-id=\"d0436c0\" data-element_type=\"section\">\n\t\t\t\t\t\t<div class=\"elementor-container elementor-column-gap-default\">\n\t\t\t\t\t<div class=\"elementor-column elementor-col-50 elementor-top-column elementor-element elementor-element-7693adc\" data-id=\"7693adc\" data-element_type=\"column\">\n\t\t\t<div class=\"elementor-widget-wrap elementor-element-populated\">\n\t\t\t\t\t\t<div class=\"elementor-element elementor-element-75710fa elementor-widget elementor-widget-heading\" data-id=\"75710fa\" data-element_type=\"widget\" data-widget_type=\"heading.default\">\n\t\t\t\t<div class=\"elementor-widget-container\">\n\t\t\t\t\t<h2 class=\"elementor-heading-title elementor-size-default\"><span style=\"color: var( --e-global-color-primary );font-family: var( --e-global-typography-primary-font-family ), Sans-serif;font-weight: var( --e-global-typography-primary-font-weight )\">Umwelts\u00fcnder LKW? So steht es wirklich um die Emissionen<\/span><\/h2>\t\t\t\t<\/div>\n\t\t\t\t<\/div>\n\t\t\t\t<div class=\"elementor-element elementor-element-49ed429 elementor-widget elementor-widget-heading\" data-id=\"49ed429\" data-element_type=\"widget\" data-widget_type=\"heading.default\">\n\t\t\t\t<div class=\"elementor-widget-container\">\n\t\t\t\t\t<h2 class=\"elementor-heading-title elementor-size-default\">Lesezeit: ca. 3 Minuten<\/h2>\t\t\t\t<\/div>\n\t\t\t\t<\/div>\n\t\t\t\t<div class=\"elementor-element elementor-element-43965cf elementor-widget elementor-widget-text-editor\" data-id=\"43965cf\" data-element_type=\"widget\" data-widget_type=\"text-editor.default\">\n\t\t\t\t<div class=\"elementor-widget-container\">\n\t\t\t\t\t\t\t\t\t<p>Feinstaub, C0\u00b2, Stickstoff: Unter Emissionen versteht jeder etwas anderes. Wie steht der LKW im Vergleich mit dem PKW da?\u00a0<\/p>\t\t\t\t\t\t\t\t<\/div>\n\t\t\t\t<\/div>\n\t\t\t\t<div class=\"elementor-element elementor-element-cb522f8 elementor-align-left elementor-mobile-align-justify elementor-widget elementor-widget-button\" data-id=\"cb522f8\" data-element_type=\"widget\" data-widget_type=\"button.default\">\n\t\t\t\t<div class=\"elementor-widget-container\">\n\t\t\t\t\t\t\t\t\t<div class=\"elementor-button-wrapper\">\n\t\t\t\t\t<a class=\"elementor-button elementor-button-link elementor-size-sm\" href=\"https:\/\/www.provectra.de\/de\/umweltsuender-lkw\/\" target=\"_blank\">\n\t\t\t\t\t\t<span class=\"elementor-button-content-wrapper\">\n\t\t\t\t\t\t\t\t\t<span class=\"elementor-button-text\">Zum Blog<\/span>\n\t\t\t\t\t<\/span>\n\t\t\t\t\t<\/a>\n\t\t\t\t<\/div>\n\t\t\t\t\t\t\t\t<\/div>\n\t\t\t\t<\/div>\n\t\t\t\t\t<\/div>\n\t\t<\/div>\n\t\t\t\t<div class=\"elementor-column elementor-col-50 elementor-top-column elementor-element elementor-element-dd9d02a\" data-id=\"dd9d02a\" data-element_type=\"column\">\n\t\t\t<div class=\"elementor-widget-wrap elementor-element-populated\">\n\t\t\t\t\t\t<div class=\"elementor-element elementor-element-a364996 elementor-widget elementor-widget-image\" data-id=\"a364996\" data-element_type=\"widget\" data-widget_type=\"image.default\">\n\t\t\t\t<div class=\"elementor-widget-container\">\n\t\t\t\t\t\t\t\t\t\t\t\t\t\t\t<img decoding=\"async\" width=\"1024\" height=\"1011\" data-src=\"https:\/\/www.provectra.de\/wp-content\/uploads\/2021\/09\/LKW-PKW-Teaserbild-1024x1011.jpg\" class=\"attachment-large size-large wp-image-4622 lazyload\" alt=\"\" data-srcset=\"https:\/\/www.provectra.de\/wp-content\/uploads\/2021\/09\/LKW-PKW-Teaserbild-1024x1011.jpg 1024w, https:\/\/www.provectra.de\/wp-content\/uploads\/2021\/09\/LKW-PKW-Teaserbild-scaled-100x100.jpg 100w, https:\/\/www.provectra.de\/wp-content\/uploads\/2021\/09\/LKW-PKW-Teaserbild-scaled-590x583.jpg 590w, https:\/\/www.provectra.de\/wp-content\/uploads\/2021\/09\/LKW-PKW-Teaserbild-300x296.jpg 300w, https:\/\/www.provectra.de\/wp-content\/uploads\/2021\/09\/LKW-PKW-Teaserbild-768x759.jpg 768w, https:\/\/www.provectra.de\/wp-content\/uploads\/2021\/09\/LKW-PKW-Teaserbild-1536x1517.jpg 1536w, https:\/\/www.provectra.de\/wp-content\/uploads\/2021\/09\/LKW-PKW-Teaserbild-2048x2023.jpg 2048w, https:\/\/www.provectra.de\/wp-content\/uploads\/2021\/09\/LKW-PKW-Teaserbild-12x12.jpg 12w\" data-sizes=\"(max-width: 1024px) 100vw, 1024px\" src=\"data:image\/svg+xml;base64,PHN2ZyB3aWR0aD0iMSIgaGVpZ2h0PSIxIiB4bWxucz0iaHR0cDovL3d3dy53My5vcmcvMjAwMC9zdmciPjwvc3ZnPg==\" style=\"--smush-placeholder-width: 1024px; --smush-placeholder-aspect-ratio: 1024\/1011;\" \/>\t\t\t\t\t\t\t\t\t\t\t\t\t\t\t<\/div>\n\t\t\t\t<\/div>\n\t\t\t\t\t<\/div>\n\t\t<\/div>\n\t\t\t\t\t<\/div>\n\t\t<\/section>\n\t\t\t\t<section class=\"elementor-section elementor-top-section elementor-element elementor-element-6deaf3a elementor-section-boxed elementor-section-height-default elementor-section-height-default\" data-id=\"6deaf3a\" data-element_type=\"section\">\n\t\t\t\t\t\t<div class=\"elementor-container elementor-column-gap-default\">\n\t\t\t\t\t<div class=\"elementor-column elementor-col-50 elementor-top-column elementor-element elementor-element-98d2498\" data-id=\"98d2498\" data-element_type=\"column\">\n\t\t\t<div class=\"elementor-widget-wrap elementor-element-populated\">\n\t\t\t\t\t\t<div class=\"elementor-element elementor-element-9bf95fa elementor-widget elementor-widget-heading\" data-id=\"9bf95fa\" data-element_type=\"widget\" data-widget_type=\"heading.default\">\n\t\t\t\t<div class=\"elementor-widget-container\">\n\t\t\t\t\t<h2 class=\"elementor-heading-title elementor-size-default\">Weihnachten in der Transport- und Logistikbranche<\/h2>\t\t\t\t<\/div>\n\t\t\t\t<\/div>\n\t\t\t\t<div class=\"elementor-element elementor-element-c907959 elementor-widget elementor-widget-heading\" data-id=\"c907959\" data-element_type=\"widget\" data-widget_type=\"heading.default\">\n\t\t\t\t<div class=\"elementor-widget-container\">\n\t\t\t\t\t<h2 class=\"elementor-heading-title elementor-size-default\">Lesezeit: ca. 4 Minuten<\/h2>\t\t\t\t<\/div>\n\t\t\t\t<\/div>\n\t\t\t\t<div class=\"elementor-element elementor-element-7144924 elementor-widget elementor-widget-text-editor\" data-id=\"7144924\" data-element_type=\"widget\" data-widget_type=\"text-editor.default\">\n\t\t\t\t<div class=\"elementor-widget-container\">\n\t\t\t\t\t\t\t\t\t<p>Weihnachten steht vor der T\u00fcr: Die Logistik daf\u00fcr ist bereits in gro\u00dfen Teilen abgeschlossen. Letzte Geschenke trudeln bei ihren Bestellern ein, der Weihnachtsbaum liegt bereit zum Aufstellen am Balkon oder auf der Terrasse. Wie l\u00e4uft der Markt rund um Weihnachten und Neujahr <strong>\u2013 <\/strong> und wie wirkt sich das Saisongesch\u00e4ft auf die Logistik aus?<\/p>\t\t\t\t\t\t\t\t<\/div>\n\t\t\t\t<\/div>\n\t\t\t\t\t<\/div>\n\t\t<\/div>\n\t\t\t\t<div class=\"elementor-column elementor-col-50 elementor-top-column elementor-element elementor-element-b8f5d4e\" data-id=\"b8f5d4e\" data-element_type=\"column\">\n\t\t\t<div class=\"elementor-widget-wrap elementor-element-populated\">\n\t\t\t\t\t\t<div class=\"elementor-element elementor-element-1732eee elementor-widget elementor-widget-image\" data-id=\"1732eee\" data-element_type=\"widget\" data-widget_type=\"image.default\">\n\t\t\t\t<div class=\"elementor-widget-container\">\n\t\t\t\t\t\t\t\t\t\t\t\t\t\t\t<img decoding=\"async\" width=\"1024\" height=\"1024\" data-src=\"https:\/\/www.provectra.de\/wp-content\/uploads\/2021\/12\/1080x1080-Teaser-Home-1024x1024.jpg\" class=\"attachment-large size-large wp-image-7426 lazyload\" alt=\"Weihnachten in der Transport- und Logistikbranche\" data-srcset=\"https:\/\/www.provectra.de\/wp-content\/uploads\/2021\/12\/1080x1080-Teaser-Home-1024x1024.jpg 1024w, https:\/\/www.provectra.de\/wp-content\/uploads\/2021\/12\/1080x1080-Teaser-Home-300x300.jpg 300w, https:\/\/www.provectra.de\/wp-content\/uploads\/2021\/12\/1080x1080-Teaser-Home-scaled-100x100.jpg 100w, https:\/\/www.provectra.de\/wp-content\/uploads\/2021\/12\/1080x1080-Teaser-Home-scaled-590x590.jpg 590w, https:\/\/www.provectra.de\/wp-content\/uploads\/2021\/12\/1080x1080-Teaser-Home-150x150.jpg 150w, https:\/\/www.provectra.de\/wp-content\/uploads\/2021\/12\/1080x1080-Teaser-Home-768x768.jpg 768w, https:\/\/www.provectra.de\/wp-content\/uploads\/2021\/12\/1080x1080-Teaser-Home-1536x1536.jpg 1536w, https:\/\/www.provectra.de\/wp-content\/uploads\/2021\/12\/1080x1080-Teaser-Home-2048x2048.jpg 2048w, https:\/\/www.provectra.de\/wp-content\/uploads\/2021\/12\/1080x1080-Teaser-Home-12x12.jpg 12w\" data-sizes=\"(max-width: 1024px) 100vw, 1024px\" src=\"data:image\/svg+xml;base64,PHN2ZyB3aWR0aD0iMSIgaGVpZ2h0PSIxIiB4bWxucz0iaHR0cDovL3d3dy53My5vcmcvMjAwMC9zdmciPjwvc3ZnPg==\" style=\"--smush-placeholder-width: 1024px; --smush-placeholder-aspect-ratio: 1024\/1024;\" \/>\t\t\t\t\t\t\t\t\t\t\t\t\t\t\t<\/div>\n\t\t\t\t<\/div>\n\t\t\t\t\t<\/div>\n\t\t<\/div>\n\t\t\t\t\t<\/div>\n\t\t<\/section>\n\t\t\t\t<section class=\"elementor-section elementor-top-section elementor-element elementor-element-8a06e0b elementor-section-boxed elementor-section-height-default elementor-section-height-default\" data-id=\"8a06e0b\" data-element_type=\"section\">\n\t\t\t\t\t\t<div class=\"elementor-container elementor-column-gap-default\">\n\t\t\t\t\t<div class=\"elementor-column elementor-col-100 elementor-top-column elementor-element elementor-element-0fc5047\" data-id=\"0fc5047\" data-element_type=\"column\">\n\t\t\t<div class=\"elementor-widget-wrap elementor-element-populated\">\n\t\t\t\t\t\t<div class=\"elementor-element elementor-element-28d7012 elementor-align-left elementor-mobile-align-justify elementor-widget elementor-widget-button\" data-id=\"28d7012\" data-element_type=\"widget\" data-widget_type=\"button.default\">\n\t\t\t\t<div class=\"elementor-widget-container\">\n\t\t\t\t\t\t\t\t\t<div class=\"elementor-button-wrapper\">\n\t\t\t\t\t<a class=\"elementor-button elementor-button-link elementor-size-sm\" href=\"https:\/\/www.provectra.de\/de\/blog-weihnachten-in-der-transport-und-logistikbranche\/\" target=\"_blank\">\n\t\t\t\t\t\t<span class=\"elementor-button-content-wrapper\">\n\t\t\t\t\t\t\t\t\t<span class=\"elementor-button-text\">Zum Blog<\/span>\n\t\t\t\t\t<\/span>\n\t\t\t\t\t<\/a>\n\t\t\t\t<\/div>\n\t\t\t\t\t\t\t\t<\/div>\n\t\t\t\t<\/div>\n\t\t\t\t\t<\/div>\n\t\t<\/div>\n\t\t\t\t\t<\/div>\n\t\t<\/section>\n\t\t\t\t<section class=\"elementor-section elementor-top-section elementor-element elementor-element-e063157 elementor-section-boxed elementor-section-height-default elementor-section-height-default\" data-id=\"e063157\" data-element_type=\"section\">\n\t\t\t\t\t\t<div class=\"elementor-container elementor-column-gap-default\">\n\t\t\t\t\t<div class=\"elementor-column elementor-col-100 elementor-top-column elementor-element elementor-element-db1f0c2\" data-id=\"db1f0c2\" data-element_type=\"column\">\n\t\t\t<div class=\"elementor-widget-wrap elementor-element-populated\">\n\t\t\t\t\t\t<div class=\"elementor-element elementor-element-e1ee4bb elementor-widget elementor-widget-spacer\" data-id=\"e1ee4bb\" data-element_type=\"widget\" data-widget_type=\"spacer.default\">\n\t\t\t\t<div class=\"elementor-widget-container\">\n\t\t\t\t\t\t\t<div class=\"elementor-spacer\">\n\t\t\t<div class=\"elementor-spacer-inner\"><\/div>\n\t\t<\/div>\n\t\t\t\t\t\t<\/div>\n\t\t\t\t<\/div>\n\t\t\t\t\t<\/div>\n\t\t<\/div>\n\t\t\t\t\t<\/div>\n\t\t<\/section>\n\t\t\t\t<section class=\"elementor-section elementor-top-section elementor-element elementor-element-0c1930f elementor-section-boxed elementor-section-height-default elementor-section-height-default\" data-id=\"0c1930f\" data-element_type=\"section\">\n\t\t\t\t\t\t<div class=\"elementor-container elementor-column-gap-default\">\n\t\t\t\t\t<div class=\"elementor-column elementor-col-50 elementor-top-column elementor-element elementor-element-a51d0b9\" data-id=\"a51d0b9\" data-element_type=\"column\">\n\t\t\t<div class=\"elementor-widget-wrap elementor-element-populated\">\n\t\t\t\t\t\t<div class=\"elementor-element elementor-element-be88940 elementor-widget elementor-widget-heading\" data-id=\"be88940\" data-element_type=\"widget\" data-widget_type=\"heading.default\">\n\t\t\t\t<div class=\"elementor-widget-container\">\n\t\t\t\t\t<h2 class=\"elementor-heading-title elementor-size-default\"><span style=\"color: var( --e-global-color-primary );font-family: var( --e-global-typography-primary-font-family ), Sans-serif;font-weight: var( --e-global-typography-primary-font-weight )\">Deutschlands Infrastruktur: Ohne Autobahnen  geht es nicht<\/span><\/h2>\t\t\t\t<\/div>\n\t\t\t\t<\/div>\n\t\t\t\t<div class=\"elementor-element elementor-element-bc211fb elementor-widget elementor-widget-heading\" data-id=\"bc211fb\" data-element_type=\"widget\" data-widget_type=\"heading.default\">\n\t\t\t\t<div class=\"elementor-widget-container\">\n\t\t\t\t\t<h2 class=\"elementor-heading-title elementor-size-default\">Lesezeit: ca. 3 Minuten<\/h2>\t\t\t\t<\/div>\n\t\t\t\t<\/div>\n\t\t\t\t<div class=\"elementor-element elementor-element-761b01a elementor-widget elementor-widget-text-editor\" data-id=\"761b01a\" data-element_type=\"widget\" data-widget_type=\"text-editor.default\">\n\t\t\t\t<div class=\"elementor-widget-container\">\n\t\t\t\t\t\t\t\t\t<p>Deutschland verf\u00fcgt \u00fcber das zweitgr\u00f6\u00dfte Fernstra\u00dfennetz Europas. Wieso es ohne Stra\u00dfentransporte nicht geht, lesen Sie hier.<\/p>\t\t\t\t\t\t\t\t<\/div>\n\t\t\t\t<\/div>\n\t\t\t\t<div class=\"elementor-element elementor-element-aa7898e elementor-align-left elementor-mobile-align-justify elementor-widget elementor-widget-button\" data-id=\"aa7898e\" data-element_type=\"widget\" data-widget_type=\"button.default\">\n\t\t\t\t<div class=\"elementor-widget-container\">\n\t\t\t\t\t\t\t\t\t<div class=\"elementor-button-wrapper\">\n\t\t\t\t\t<a class=\"elementor-button elementor-button-link elementor-size-sm\" href=\"https:\/\/www.provectra.de\/de\/blog\/deutschlands-infrastruktur-ohne-autobahnen-geht-es-nicht\/\" target=\"_blank\">\n\t\t\t\t\t\t<span class=\"elementor-button-content-wrapper\">\n\t\t\t\t\t\t\t\t\t<span class=\"elementor-button-text\">Zum Blog<\/span>\n\t\t\t\t\t<\/span>\n\t\t\t\t\t<\/a>\n\t\t\t\t<\/div>\n\t\t\t\t\t\t\t\t<\/div>\n\t\t\t\t<\/div>\n\t\t\t\t\t<\/div>\n\t\t<\/div>\n\t\t\t\t<div class=\"elementor-column elementor-col-50 elementor-top-column elementor-element elementor-element-1cb26f6\" data-id=\"1cb26f6\" data-element_type=\"column\">\n\t\t\t<div class=\"elementor-widget-wrap elementor-element-populated\">\n\t\t\t\t\t\t<div class=\"elementor-element elementor-element-8cd22a8 elementor-widget elementor-widget-image\" data-id=\"8cd22a8\" data-element_type=\"widget\" data-widget_type=\"image.default\">\n\t\t\t\t<div class=\"elementor-widget-container\">\n\t\t\t\t\t\t\t\t\t\t\t\t\t\t\t<img decoding=\"async\" width=\"1024\" height=\"998\" data-src=\"https:\/\/www.provectra.de\/wp-content\/uploads\/2021\/09\/LKW-Blog-2-Autobahnen-Teaser-2-1024x998.jpg\" class=\"attachment-large size-large wp-image-4621 lazyload\" alt=\"Teaser-Bild f\u00fcr den Blogbeitrag Deutschlands Infrastruktur\" data-srcset=\"https:\/\/www.provectra.de\/wp-content\/uploads\/2021\/09\/LKW-Blog-2-Autobahnen-Teaser-2-1024x998.jpg 1024w, https:\/\/www.provectra.de\/wp-content\/uploads\/2021\/09\/LKW-Blog-2-Autobahnen-Teaser-2-590x575.jpg 590w, https:\/\/www.provectra.de\/wp-content\/uploads\/2021\/09\/LKW-Blog-2-Autobahnen-Teaser-2-300x292.jpg 300w, https:\/\/www.provectra.de\/wp-content\/uploads\/2021\/09\/LKW-Blog-2-Autobahnen-Teaser-2-768x749.jpg 768w, https:\/\/www.provectra.de\/wp-content\/uploads\/2021\/09\/LKW-Blog-2-Autobahnen-Teaser-2-1536x1497.jpg 1536w, https:\/\/www.provectra.de\/wp-content\/uploads\/2021\/09\/LKW-Blog-2-Autobahnen-Teaser-2-2048x1996.jpg 2048w, https:\/\/www.provectra.de\/wp-content\/uploads\/2021\/09\/LKW-Blog-2-Autobahnen-Teaser-2-12x12.jpg 12w\" data-sizes=\"(max-width: 1024px) 100vw, 1024px\" src=\"data:image\/svg+xml;base64,PHN2ZyB3aWR0aD0iMSIgaGVpZ2h0PSIxIiB4bWxucz0iaHR0cDovL3d3dy53My5vcmcvMjAwMC9zdmciPjwvc3ZnPg==\" style=\"--smush-placeholder-width: 1024px; --smush-placeholder-aspect-ratio: 1024\/998;\" \/>\t\t\t\t\t\t\t\t\t\t\t\t\t\t\t<\/div>\n\t\t\t\t<\/div>\n\t\t\t\t\t<\/div>\n\t\t<\/div>\n\t\t\t\t\t<\/div>\n\t\t<\/section>\n\t\t\t\t<section class=\"elementor-section elementor-top-section elementor-element elementor-element-9a132eb elementor-section-boxed elementor-section-height-default elementor-section-height-default\" data-id=\"9a132eb\" data-element_type=\"section\">\n\t\t\t\t\t\t<div class=\"elementor-container elementor-column-gap-default\">\n\t\t\t\t\t<div class=\"elementor-column elementor-col-100 elementor-top-column elementor-element elementor-element-99151e8\" data-id=\"99151e8\" data-element_type=\"column\">\n\t\t\t<div class=\"elementor-widget-wrap elementor-element-populated\">\n\t\t\t\t\t\t<div class=\"elementor-element elementor-element-4d2eee9 elementor-widget elementor-widget-spacer\" data-id=\"4d2eee9\" data-element_type=\"widget\" data-widget_type=\"spacer.default\">\n\t\t\t\t<div class=\"elementor-widget-container\">\n\t\t\t\t\t\t\t<div class=\"elementor-spacer\">\n\t\t\t<div class=\"elementor-spacer-inner\"><\/div>\n\t\t<\/div>\n\t\t\t\t\t\t<\/div>\n\t\t\t\t<\/div>\n\t\t\t\t\t<\/div>\n\t\t<\/div>\n\t\t\t\t\t<\/div>\n\t\t<\/section>\n\t\t\t\t<section class=\"elementor-section elementor-top-section elementor-element elementor-element-78b15d2 elementor-section-full_width elementor-section-height-default elementor-section-height-default\" data-id=\"78b15d2\" data-element_type=\"section\" data-settings=\"{&quot;background_background&quot;:&quot;classic&quot;}\">\n\t\t\t\t\t\t<div class=\"elementor-container elementor-column-gap-default\">\n\t\t\t\t\t<div class=\"elementor-column elementor-col-100 elementor-top-column elementor-element elementor-element-cdacf1f\" data-id=\"cdacf1f\" data-element_type=\"column\">\n\t\t\t<div class=\"elementor-widget-wrap elementor-element-populated\">\n\t\t\t\t\t\t<div class=\"elementor-element elementor-element-797f148 elementor-widget elementor-widget-spacer\" data-id=\"797f148\" data-element_type=\"widget\" data-widget_type=\"spacer.default\">\n\t\t\t\t<div class=\"elementor-widget-container\">\n\t\t\t\t\t\t\t<div class=\"elementor-spacer\">\n\t\t\t<div class=\"elementor-spacer-inner\"><\/div>\n\t\t<\/div>\n\t\t\t\t\t\t<\/div>\n\t\t\t\t<\/div>\n\t\t\t\t\t<\/div>\n\t\t<\/div>\n\t\t\t\t\t<\/div>\n\t\t<\/section>\n\t\t\t\t<section class=\"elementor-section elementor-top-section elementor-element elementor-element-dc084f8 elementor-section-boxed elementor-section-height-default elementor-section-height-default\" data-id=\"dc084f8\" data-element_type=\"section\" data-settings=\"{&quot;background_background&quot;:&quot;classic&quot;}\">\n\t\t\t\t\t\t<div class=\"elementor-container elementor-column-gap-default\">\n\t\t\t\t\t<div class=\"elementor-column elementor-col-33 elementor-top-column elementor-element elementor-element-27a1af2\" data-id=\"27a1af2\" data-element_type=\"column\">\n\t\t\t<div class=\"elementor-widget-wrap\">\n\t\t\t\t\t\t\t<\/div>\n\t\t<\/div>\n\t\t\t\t<div class=\"elementor-column elementor-col-33 elementor-top-column elementor-element elementor-element-4e8c86d\" data-id=\"4e8c86d\" data-element_type=\"column\">\n\t\t\t<div class=\"elementor-widget-wrap elementor-element-populated\">\n\t\t\t\t\t\t<div class=\"elementor-element elementor-element-147d674 elementor-widget elementor-widget-heading\" data-id=\"147d674\" data-element_type=\"widget\" data-widget_type=\"heading.default\">\n\t\t\t\t<div class=\"elementor-widget-container\">\n\t\t\t\t\t<h2 class=\"elementor-heading-title elementor-size-large\">follow us<\/h2>\t\t\t\t<\/div>\n\t\t\t\t<\/div>\n\t\t\t\t<div class=\"elementor-element elementor-element-bb411ec e-grid-align-tablet-center e-grid-align-mobile-center elementor-shape-rounded elementor-grid-0 e-grid-align-center elementor-widget elementor-widget-social-icons\" data-id=\"bb411ec\" data-element_type=\"widget\" data-widget_type=\"social-icons.default\">\n\t\t\t\t<div class=\"elementor-widget-container\">\n\t\t\t\t\t\t\t<div class=\"elementor-social-icons-wrapper elementor-grid\">\n\t\t\t\t\t\t\t<span class=\"elementor-grid-item\">\n\t\t\t\t\t<a class=\"elementor-icon elementor-social-icon elementor-social-icon-facebook-f elementor-repeater-item-67bf153\" href=\"https:\/\/www.facebook.com\/Provectra-GmbH-107879691028612\" target=\"_blank\">\n\t\t\t\t\t\t<span class=\"elementor-screen-only\">Facebook-f<\/span>\n\t\t\t\t\t\t<i class=\"fab fa-facebook-f\"><\/i>\t\t\t\t\t<\/a>\n\t\t\t\t<\/span>\n\t\t\t\t\t\t\t<span class=\"elementor-grid-item\">\n\t\t\t\t\t<a class=\"elementor-icon elementor-social-icon elementor-social-icon-linkedin-in elementor-repeater-item-aca1a30\" href=\"https:\/\/de.linkedin.com\/company\/provectra\" target=\"_blank\">\n\t\t\t\t\t\t<span class=\"elementor-screen-only\">Linkedin-in<\/span>\n\t\t\t\t\t\t<i class=\"fab fa-linkedin-in\"><\/i>\t\t\t\t\t<\/a>\n\t\t\t\t<\/span>\n\t\t\t\t\t\t\t<span class=\"elementor-grid-item\">\n\t\t\t\t\t<a class=\"elementor-icon elementor-social-icon elementor-social-icon-instagram elementor-repeater-item-23d1af5\" href=\"https:\/\/www.instagram.com\/provectra.official\/?hl=de\" target=\"_blank\">\n\t\t\t\t\t\t<span class=\"elementor-screen-only\">Instagram<\/span>\n\t\t\t\t\t\t<i class=\"fab fa-instagram\"><\/i>\t\t\t\t\t<\/a>\n\t\t\t\t<\/span>\n\t\t\t\t\t<\/div>\n\t\t\t\t\t\t<\/div>\n\t\t\t\t<\/div>\n\t\t\t\t\t<\/div>\n\t\t<\/div>\n\t\t\t\t<div class=\"elementor-column elementor-col-33 elementor-top-column elementor-element elementor-element-842cc22\" data-id=\"842cc22\" data-element_type=\"column\">\n\t\t\t<div class=\"elementor-widget-wrap elementor-element-populated\">\n\t\t\t\t\t\t<div class=\"elementor-element elementor-element-7c3ec90 elementor-widget elementor-widget-image\" data-id=\"7c3ec90\" data-element_type=\"widget\" data-widget_type=\"image.default\">\n\t\t\t\t<div class=\"elementor-widget-container\">\n\t\t\t\t\t\t\t\t\t\t\t\t\t\t\t\t<a href=\"https:\/\/www.instagram.com\/provectra.official\/\">\n\t\t\t\t\t\t\t<img decoding=\"async\" width=\"300\" height=\"282\" data-src=\"https:\/\/www.provectra.de\/wp-content\/uploads\/2021\/11\/cropped-Bild-RH-PV-1020--scaled-e1637165117669-300x282.jpg\" class=\"attachment-medium size-medium wp-image-5684 lazyload\" alt=\"\" data-srcset=\"https:\/\/www.provectra.de\/wp-content\/uploads\/2021\/11\/cropped-Bild-RH-PV-1020--scaled-e1637165117669-300x282.jpg 300w, https:\/\/www.provectra.de\/wp-content\/uploads\/2021\/11\/cropped-Bild-RH-PV-1020--scaled-e1637165117669-590x555.jpg 590w, https:\/\/www.provectra.de\/wp-content\/uploads\/2021\/11\/cropped-Bild-RH-PV-1020--scaled-e1637165117669-1024x963.jpg 1024w, https:\/\/www.provectra.de\/wp-content\/uploads\/2021\/11\/cropped-Bild-RH-PV-1020--scaled-e1637165117669-768x722.jpg 768w, https:\/\/www.provectra.de\/wp-content\/uploads\/2021\/11\/cropped-Bild-RH-PV-1020--scaled-e1637165117669-1536x1444.jpg 1536w, https:\/\/www.provectra.de\/wp-content\/uploads\/2021\/11\/cropped-Bild-RH-PV-1020--scaled-e1637165117669-13x12.jpg 13w, https:\/\/www.provectra.de\/wp-content\/uploads\/2021\/11\/cropped-Bild-RH-PV-1020--scaled-e1637165117669-500x470.jpg 500w, https:\/\/www.provectra.de\/wp-content\/uploads\/2021\/11\/cropped-Bild-RH-PV-1020--scaled-e1637165117669-800x752.jpg 800w, https:\/\/www.provectra.de\/wp-content\/uploads\/2021\/11\/cropped-Bild-RH-PV-1020--scaled-e1637165117669-1280x1203.jpg 1280w, https:\/\/www.provectra.de\/wp-content\/uploads\/2021\/11\/cropped-Bild-RH-PV-1020--scaled-e1637165117669.jpg 1715w\" data-sizes=\"(max-width: 300px) 100vw, 300px\" src=\"data:image\/svg+xml;base64,PHN2ZyB3aWR0aD0iMSIgaGVpZ2h0PSIxIiB4bWxucz0iaHR0cDovL3d3dy53My5vcmcvMjAwMC9zdmciPjwvc3ZnPg==\" style=\"--smush-placeholder-width: 300px; --smush-placeholder-aspect-ratio: 300\/282;\" \/>\t\t\t\t\t\t\t\t<\/a>\n\t\t\t\t\t\t\t\t\t\t\t\t\t\t\t<\/div>\n\t\t\t\t<\/div>\n\t\t\t\t<div class=\"elementor-element elementor-element-aed1e25 elementor-widget elementor-widget-heading\" data-id=\"aed1e25\" data-element_type=\"widget\" data-widget_type=\"heading.default\">\n\t\t\t\t<div class=\"elementor-widget-container\">\n\t\t\t\t\t<h2 class=\"elementor-heading-title elementor-size-default\"><a href=\"https:\/\/www.instagram.com\/provectra.official\/\" target=\"_blank\">@provectra.official<\/a><\/h2>\t\t\t\t<\/div>\n\t\t\t\t<\/div>\n\t\t\t\t\t<\/div>\n\t\t<\/div>\n\t\t\t\t\t<\/div>\n\t\t<\/section>\n\t\t\t\t<section class=\"elementor-section elementor-top-section elementor-element elementor-element-046669a elementor-section-boxed elementor-section-height-default elementor-section-height-default\" data-id=\"046669a\" data-element_type=\"section\" data-settings=\"{&quot;background_background&quot;:&quot;classic&quot;}\">\n\t\t\t\t\t\t<div class=\"elementor-container elementor-column-gap-default\">\n\t\t\t\t\t<div class=\"elementor-column elementor-col-100 elementor-top-column elementor-element elementor-element-732c647\" data-id=\"732c647\" data-element_type=\"column\">\n\t\t\t<div class=\"elementor-widget-wrap elementor-element-populated\">\n\t\t\t\t\t\t<div class=\"elementor-element elementor-element-b4acc6b elementor-widget elementor-widget-spacer\" data-id=\"b4acc6b\" data-element_type=\"widget\" data-widget_type=\"spacer.default\">\n\t\t\t\t<div class=\"elementor-widget-container\">\n\t\t\t\t\t\t\t<div class=\"elementor-spacer\">\n\t\t\t<div class=\"elementor-spacer-inner\"><\/div>\n\t\t<\/div>\n\t\t\t\t\t\t<\/div>\n\t\t\t\t<\/div>\n\t\t\t\t\t<\/div>\n\t\t<\/div>\n\t\t\t\t\t<\/div>\n\t\t<\/section>\n\t\t\t\t<\/div>\n\t\t","protected":false},"excerpt":{"rendered":"<p>Provectra&nbsp;&nbsp;Blog Leere Regale im Supermarkt: Bald auch in Deutschland? Lesezeit: ca. 2 Minuten Leere Regale in den Superm\u00e4rkten, Tanken auf Vorrat \u2013 W\u00e4hrend England aktuell \u00fcberall in den Nachrichten ist, k\u00f6nnten solche Meldungen auch in Deutschland bald Realit\u00e4t werden. Zum Blog Reibungslose Supply Chain &#8211; sch\u00f6ne Vorstellung oder wirklich machbar? Lesezeit: ca. 2 Minuten Nichts [&hellip;]<\/p>\n","protected":false},"author":2,"featured_media":0,"parent":0,"menu_order":0,"comment_status":"closed","ping_status":"closed","template":"","meta":{"ocean_post_layout":"","ocean_both_sidebars_style":"","ocean_both_sidebars_content_width":0,"ocean_both_sidebars_sidebars_width":0,"ocean_sidebar":"","ocean_second_sidebar":"","ocean_disable_margins":"enable","ocean_add_body_class":"","ocean_shortcode_before_top_bar":"","ocean_shortcode_after_top_bar":"","ocean_shortcode_before_header":"","ocean_shortcode_after_header":"","ocean_has_shortcode":"","ocean_shortcode_after_title":"","ocean_shortcode_before_footer_widgets":"","ocean_shortcode_after_footer_widgets":"","ocean_shortcode_before_footer_bottom":"","ocean_shortcode_after_footer_bottom":"","ocean_display_top_bar":"default","ocean_display_header":"default","ocean_header_style":"","ocean_center_header_left_menu":"","ocean_custom_header_template":"","ocean_custom_logo":0,"ocean_custom_retina_logo":0,"ocean_custom_logo_max_width":0,"ocean_custom_logo_tablet_max_width":0,"ocean_custom_logo_mobile_max_width":0,"ocean_custom_logo_max_height":0,"ocean_custom_logo_tablet_max_height":0,"ocean_custom_logo_mobile_max_height":0,"ocean_header_custom_menu":"","ocean_menu_typo_font_family":"","ocean_menu_typo_font_subset":"","ocean_menu_typo_font_size":0,"ocean_menu_typo_font_size_tablet":0,"ocean_menu_typo_font_size_mobile":0,"ocean_menu_typo_font_size_unit":"px","ocean_menu_typo_font_weight":"","ocean_menu_typo_font_weight_tablet":"","ocean_menu_typo_font_weight_mobile":"","ocean_menu_typo_transform":"","ocean_menu_typo_transform_tablet":"","ocean_menu_typo_transform_mobile":"","ocean_menu_typo_line_height":0,"ocean_menu_typo_line_height_tablet":0,"ocean_menu_typo_line_height_mobile":0,"ocean_menu_typo_line_height_unit":"","ocean_menu_typo_spacing":0,"ocean_menu_typo_spacing_tablet":0,"ocean_menu_typo_spacing_mobile":0,"ocean_menu_typo_spacing_unit":"","ocean_menu_link_color":"","ocean_menu_link_color_hover":"","ocean_menu_link_color_active":"","ocean_menu_link_background":"","ocean_menu_link_hover_background":"","ocean_menu_link_active_background":"","ocean_menu_social_links_bg":"","ocean_menu_social_hover_links_bg":"","ocean_menu_social_links_color":"","ocean_menu_social_hover_links_color":"","ocean_disable_title":"default","ocean_disable_heading":"default","ocean_post_title":"","ocean_post_subheading":"","ocean_post_title_style":"","ocean_post_title_background_color":"","ocean_post_title_background":0,"ocean_post_title_bg_image_position":"","ocean_post_title_bg_image_attachment":"","ocean_post_title_bg_image_repeat":"","ocean_post_title_bg_image_size":"","ocean_post_title_height":0,"ocean_post_title_bg_overlay":0.5,"ocean_post_title_bg_overlay_color":"","ocean_disable_breadcrumbs":"default","ocean_breadcrumbs_color":"","ocean_breadcrumbs_separator_color":"","ocean_breadcrumbs_links_color":"","ocean_breadcrumbs_links_hover_color":"","ocean_display_footer_widgets":"default","ocean_display_footer_bottom":"default","ocean_custom_footer_template":"","footnotes":""},"yoast_head":"<!-- This site is optimized with the Yoast SEO plugin v22.8 - https:\/\/yoast.com\/wordpress\/plugins\/seo\/ -->\n<title>Blog &#183; provectra<\/title>\n<meta name=\"description\" content=\"Der Provectra Blog: aktuelle Informationen und Fachwissen aus dem Bereich Transport und Logistik. Jetzt nachlesen, was die Branche bewegt.\" \/>\n<meta name=\"robots\" content=\"index, follow, max-snippet:-1, max-image-preview:large, max-video-preview:-1\" \/>\n<link rel=\"canonical\" href=\"https:\/\/www.provectra.de\/de\/blog\/\" \/>\n<meta property=\"og:locale\" content=\"de_DE\" \/>\n<meta property=\"og:type\" content=\"article\" \/>\n<meta property=\"og:title\" content=\"Blog &#183; provectra\" \/>\n<meta property=\"og:description\" content=\"Der Provectra Blog: aktuelle Informationen und Fachwissen aus dem Bereich Transport und Logistik. Jetzt nachlesen, was die Branche bewegt.\" \/>\n<meta property=\"og:url\" content=\"https:\/\/www.provectra.de\/de\/blog\/\" \/>\n<meta property=\"og:site_name\" content=\"provectra\" \/>\n<meta property=\"article:modified_time\" content=\"2022-04-25T15:10:53+00:00\" \/>\n<meta property=\"og:image\" content=\"https:\/\/www.provectra.de\/wp-content\/uploads\/2021\/10\/Blog-4-Fahrermangel-1024x1024.jpg\" \/>\n<meta name=\"twitter:card\" content=\"summary_large_image\" \/>\n<meta name=\"twitter:label1\" content=\"Gesch\u00e4tzte Lesezeit\" \/>\n\t<meta name=\"twitter:data1\" content=\"3\u00a0Minuten\" \/>\n<script type=\"application\/ld+json\" class=\"yoast-schema-graph\">{\"@context\":\"https:\/\/schema.org\",\"@graph\":[{\"@type\":\"WebPage\",\"@id\":\"https:\/\/www.provectra.de\/de\/blog\/\",\"url\":\"https:\/\/www.provectra.de\/de\/blog\/\",\"name\":\"Blog &#183; provectra\",\"isPartOf\":{\"@id\":\"https:\/\/www.provectra.de\/de\/#website\"},\"primaryImageOfPage\":{\"@id\":\"https:\/\/www.provectra.de\/de\/blog\/#primaryimage\"},\"image\":{\"@id\":\"https:\/\/www.provectra.de\/de\/blog\/#primaryimage\"},\"thumbnailUrl\":\"https:\/\/www.provectra.de\/wp-content\/uploads\/2021\/10\/Blog-4-Fahrermangel-1024x1024.jpg\",\"datePublished\":\"2021-08-17T14:53:53+00:00\",\"dateModified\":\"2022-04-25T15:10:53+00:00\",\"description\":\"Der Provectra Blog: aktuelle Informationen und Fachwissen aus dem Bereich Transport und Logistik. Jetzt nachlesen, was die Branche bewegt.\",\"breadcrumb\":{\"@id\":\"https:\/\/www.provectra.de\/de\/blog\/#breadcrumb\"},\"inLanguage\":\"de\",\"potentialAction\":[{\"@type\":\"ReadAction\",\"target\":[\"https:\/\/www.provectra.de\/de\/blog\/\"]}]},{\"@type\":\"ImageObject\",\"inLanguage\":\"de\",\"@id\":\"https:\/\/www.provectra.de\/de\/blog\/#primaryimage\",\"url\":\"https:\/\/www.provectra.de\/wp-content\/uploads\/2021\/10\/Blog-4-Fahrermangel-1024x1024.jpg\",\"contentUrl\":\"https:\/\/www.provectra.de\/wp-content\/uploads\/2021\/10\/Blog-4-Fahrermangel-1024x1024.jpg\"},{\"@type\":\"BreadcrumbList\",\"@id\":\"https:\/\/www.provectra.de\/de\/blog\/#breadcrumb\",\"itemListElement\":[{\"@type\":\"ListItem\",\"position\":1,\"name\":\"Startseite\",\"item\":\"https:\/\/www.provectra.de\/\"},{\"@type\":\"ListItem\",\"position\":2,\"name\":\"Blog\"}]},{\"@type\":\"WebSite\",\"@id\":\"https:\/\/www.provectra.de\/de\/#website\",\"url\":\"https:\/\/www.provectra.de\/de\/\",\"name\":\"provectra\",\"description\":\"Consulting Spedition Logistik\",\"publisher\":{\"@id\":\"https:\/\/www.provectra.de\/de\/#organization\"},\"potentialAction\":[{\"@type\":\"SearchAction\",\"target\":{\"@type\":\"EntryPoint\",\"urlTemplate\":\"https:\/\/www.provectra.de\/de\/?s={search_term_string}\"},\"query-input\":\"required name=search_term_string\"}],\"inLanguage\":\"de\"},{\"@type\":\"Organization\",\"@id\":\"https:\/\/www.provectra.de\/de\/#organization\",\"name\":\"Provectra GmbH\",\"url\":\"https:\/\/www.provectra.de\/de\/\",\"logo\":{\"@type\":\"ImageObject\",\"inLanguage\":\"de\",\"@id\":\"https:\/\/www.provectra.de\/de\/#\/schema\/logo\/image\/\",\"url\":\"https:\/\/www.provectra.de\/wp-content\/uploads\/2020\/01\/provectra_favicon1.png\",\"contentUrl\":\"https:\/\/www.provectra.de\/wp-content\/uploads\/2020\/01\/provectra_favicon1.png\",\"width\":512,\"height\":512,\"caption\":\"Provectra GmbH\"},\"image\":{\"@id\":\"https:\/\/www.provectra.de\/de\/#\/schema\/logo\/image\/\"}}]}<\/script>\n<!-- \/ Yoast SEO plugin. -->","yoast_head_json":{"title":"Blog &#183; provectra","description":"Der Provectra Blog: aktuelle Informationen und Fachwissen aus dem Bereich Transport und Logistik. Jetzt nachlesen, was die Branche bewegt.","robots":{"index":"index","follow":"follow","max-snippet":"max-snippet:-1","max-image-preview":"max-image-preview:large","max-video-preview":"max-video-preview:-1"},"canonical":"https:\/\/www.provectra.de\/de\/blog\/","og_locale":"de_DE","og_type":"article","og_title":"Blog &#183; provectra","og_description":"Der Provectra Blog: aktuelle Informationen und Fachwissen aus dem Bereich Transport und Logistik. Jetzt nachlesen, was die Branche bewegt.","og_url":"https:\/\/www.provectra.de\/de\/blog\/","og_site_name":"provectra","article_modified_time":"2022-04-25T15:10:53+00:00","og_image":[{"url":"https:\/\/www.provectra.de\/wp-content\/uploads\/2021\/10\/Blog-4-Fahrermangel-1024x1024.jpg"}],"twitter_card":"summary_large_image","twitter_misc":{"Gesch\u00e4tzte Lesezeit":"3\u00a0Minuten"},"schema":{"@context":"https:\/\/schema.org","@graph":[{"@type":"WebPage","@id":"https:\/\/www.provectra.de\/de\/blog\/","url":"https:\/\/www.provectra.de\/de\/blog\/","name":"Blog &#183; provectra","isPartOf":{"@id":"https:\/\/www.provectra.de\/de\/#website"},"primaryImageOfPage":{"@id":"https:\/\/www.provectra.de\/de\/blog\/#primaryimage"},"image":{"@id":"https:\/\/www.provectra.de\/de\/blog\/#primaryimage"},"thumbnailUrl":"https:\/\/www.provectra.de\/wp-content\/uploads\/2021\/10\/Blog-4-Fahrermangel-1024x1024.jpg","datePublished":"2021-08-17T14:53:53+00:00","dateModified":"2022-04-25T15:10:53+00:00","description":"Der Provectra Blog: aktuelle Informationen und Fachwissen aus dem Bereich Transport und Logistik. Jetzt nachlesen, was die Branche bewegt.","breadcrumb":{"@id":"https:\/\/www.provectra.de\/de\/blog\/#breadcrumb"},"inLanguage":"de","potentialAction":[{"@type":"ReadAction","target":["https:\/\/www.provectra.de\/de\/blog\/"]}]},{"@type":"ImageObject","inLanguage":"de","@id":"https:\/\/www.provectra.de\/de\/blog\/#primaryimage","url":"https:\/\/www.provectra.de\/wp-content\/uploads\/2021\/10\/Blog-4-Fahrermangel-1024x1024.jpg","contentUrl":"https:\/\/www.provectra.de\/wp-content\/uploads\/2021\/10\/Blog-4-Fahrermangel-1024x1024.jpg"},{"@type":"BreadcrumbList","@id":"https:\/\/www.provectra.de\/de\/blog\/#breadcrumb","itemListElement":[{"@type":"ListItem","position":1,"name":"Startseite","item":"https:\/\/www.provectra.de\/"},{"@type":"ListItem","position":2,"name":"Blog"}]},{"@type":"WebSite","@id":"https:\/\/www.provectra.de\/de\/#website","url":"https:\/\/www.provectra.de\/de\/","name":"provectra","description":"Consulting Spedition Logistik","publisher":{"@id":"https:\/\/www.provectra.de\/de\/#organization"},"potentialAction":[{"@type":"SearchAction","target":{"@type":"EntryPoint","urlTemplate":"https:\/\/www.provectra.de\/de\/?s={search_term_string}"},"query-input":"required name=search_term_string"}],"inLanguage":"de"},{"@type":"Organization","@id":"https:\/\/www.provectra.de\/de\/#organization","name":"Provectra GmbH","url":"https:\/\/www.provectra.de\/de\/","logo":{"@type":"ImageObject","inLanguage":"de","@id":"https:\/\/www.provectra.de\/de\/#\/schema\/logo\/image\/","url":"https:\/\/www.provectra.de\/wp-content\/uploads\/2020\/01\/provectra_favicon1.png","contentUrl":"https:\/\/www.provectra.de\/wp-content\/uploads\/2020\/01\/provectra_favicon1.png","width":512,"height":512,"caption":"Provectra GmbH"},"image":{"@id":"https:\/\/www.provectra.de\/de\/#\/schema\/logo\/image\/"}}]}},"jetpack_sharing_enabled":true,"_links":{"self":[{"href":"https:\/\/www.provectra.de\/de\/wp-json\/wp\/v2\/pages\/4487"}],"collection":[{"href":"https:\/\/www.provectra.de\/de\/wp-json\/wp\/v2\/pages"}],"about":[{"href":"https:\/\/www.provectra.de\/de\/wp-json\/wp\/v2\/types\/page"}],"author":[{"embeddable":true,"href":"https:\/\/www.provectra.de\/de\/wp-json\/wp\/v2\/users\/2"}],"replies":[{"embeddable":true,"href":"https:\/\/www.provectra.de\/de\/wp-json\/wp\/v2\/comments?post=4487"}],"version-history":[{"count":193,"href":"https:\/\/www.provectra.de\/de\/wp-json\/wp\/v2\/pages\/4487\/revisions"}],"predecessor-version":[{"id":7558,"href":"https:\/\/www.provectra.de\/de\/wp-json\/wp\/v2\/pages\/4487\/revisions\/7558"}],"wp:attachment":[{"href":"https:\/\/www.provectra.de\/de\/wp-json\/wp\/v2\/media?parent=4487"}],"curies":[{"name":"wp","href":"https:\/\/api.w.org\/{rel}","templated":true}]}}