{"id":4581,"date":"2021-09-02T06:15:37","date_gmt":"2021-09-02T06:15:37","guid":{"rendered":"https:\/\/www.provectra.de\/?page_id=4581"},"modified":"2021-10-26T14:58:10","modified_gmt":"2021-10-26T14:58:10","slug":"umweltsuender-lkw","status":"publish","type":"page","link":"https:\/\/www.provectra.de\/de\/umweltsuender-lkw\/","title":{"rendered":"Umwelts\u00fcnder LKW? So steht es wirklich um die Emissionen"},"content":{"rendered":"\t\t<div data-elementor-type=\"wp-page\" data-elementor-id=\"4581\" class=\"elementor elementor-4581\">\n\t\t\t\t\t\t<section class=\"elementor-section elementor-top-section elementor-element elementor-element-24efb8f elementor-section-boxed elementor-section-height-default elementor-section-height-default\" data-id=\"24efb8f\" data-element_type=\"section\">\n\t\t\t\t\t\t<div class=\"elementor-container elementor-column-gap-default\">\n\t\t\t\t\t<div class=\"elementor-column elementor-col-100 elementor-top-column elementor-element elementor-element-d0a610a\" data-id=\"d0a610a\" data-element_type=\"column\">\n\t\t\t<div class=\"elementor-widget-wrap elementor-element-populated\">\n\t\t\t\t\t\t<div class=\"elementor-element elementor-element-580bf95 elementor-widget elementor-widget-spacer\" data-id=\"580bf95\" data-element_type=\"widget\" data-widget_type=\"spacer.default\">\n\t\t\t\t<div class=\"elementor-widget-container\">\n\t\t\t\t\t\t\t<div class=\"elementor-spacer\">\n\t\t\t<div class=\"elementor-spacer-inner\"><\/div>\n\t\t<\/div>\n\t\t\t\t\t\t<\/div>\n\t\t\t\t<\/div>\n\t\t\t\t\t<\/div>\n\t\t<\/div>\n\t\t\t\t\t<\/div>\n\t\t<\/section>\n\t\t\t\t<section class=\"elementor-section elementor-top-section elementor-element elementor-element-4aa28a0 elementor-section-boxed elementor-section-height-default elementor-section-height-default\" data-id=\"4aa28a0\" data-element_type=\"section\">\n\t\t\t\t\t\t<div class=\"elementor-container elementor-column-gap-default\">\n\t\t\t\t\t<div class=\"elementor-column elementor-col-100 elementor-top-column elementor-element elementor-element-30385d9\" data-id=\"30385d9\" data-element_type=\"column\">\n\t\t\t<div class=\"elementor-widget-wrap elementor-element-populated\">\n\t\t\t\t\t\t<div class=\"elementor-element elementor-element-36dc489 elementor-widget elementor-widget-heading\" data-id=\"36dc489\" data-element_type=\"widget\" data-widget_type=\"heading.default\">\n\t\t\t\t<div class=\"elementor-widget-container\">\n\t\t\t\t\t<h2 class=\"elementor-heading-title elementor-size-default\">Umwelts\u00fcnder LKW? So steht es wirklich um die Emissionen <\/h2>\t\t\t\t<\/div>\n\t\t\t\t<\/div>\n\t\t\t\t\t<\/div>\n\t\t<\/div>\n\t\t\t\t\t<\/div>\n\t\t<\/section>\n\t\t\t\t<section class=\"elementor-section elementor-top-section elementor-element elementor-element-76805dc elementor-section-boxed elementor-section-height-default elementor-section-height-default\" data-id=\"76805dc\" data-element_type=\"section\">\n\t\t\t\t\t\t<div class=\"elementor-container elementor-column-gap-default\">\n\t\t\t\t\t<div class=\"elementor-column elementor-col-100 elementor-top-column elementor-element elementor-element-36faa9b\" data-id=\"36faa9b\" data-element_type=\"column\">\n\t\t\t<div class=\"elementor-widget-wrap elementor-element-populated\">\n\t\t\t\t\t\t<div class=\"elementor-element elementor-element-0a26d4b elementor-widget elementor-widget-heading\" data-id=\"0a26d4b\" data-element_type=\"widget\" data-widget_type=\"heading.default\">\n\t\t\t\t<div class=\"elementor-widget-container\">\n\t\t\t\t\t<h2 class=\"elementor-heading-title elementor-size-default\">Lesezeit: ca. 3 Minuten<\/h2>\t\t\t\t<\/div>\n\t\t\t\t<\/div>\n\t\t\t\t\t<\/div>\n\t\t<\/div>\n\t\t\t\t\t<\/div>\n\t\t<\/section>\n\t\t\t\t<section class=\"elementor-section elementor-top-section elementor-element elementor-element-69ab6d3 elementor-section-boxed elementor-section-height-default elementor-section-height-default\" data-id=\"69ab6d3\" data-element_type=\"section\">\n\t\t\t\t\t\t<div class=\"elementor-container elementor-column-gap-default\">\n\t\t\t\t\t<div class=\"elementor-column elementor-col-100 elementor-top-column elementor-element elementor-element-691fc12\" data-id=\"691fc12\" data-element_type=\"column\">\n\t\t\t<div class=\"elementor-widget-wrap elementor-element-populated\">\n\t\t\t\t\t\t<div class=\"elementor-element elementor-element-28a661d elementor-widget-divider--view-line elementor-widget elementor-widget-divider\" data-id=\"28a661d\" data-element_type=\"widget\" data-widget_type=\"divider.default\">\n\t\t\t\t<div class=\"elementor-widget-container\">\n\t\t\t\t\t\t\t<div class=\"elementor-divider\">\n\t\t\t<span class=\"elementor-divider-separator\">\n\t\t\t\t\t\t<\/span>\n\t\t<\/div>\n\t\t\t\t\t\t<\/div>\n\t\t\t\t<\/div>\n\t\t\t\t<div class=\"elementor-element elementor-element-385b7a7 elementor-widget elementor-widget-spacer\" data-id=\"385b7a7\" data-element_type=\"widget\" data-widget_type=\"spacer.default\">\n\t\t\t\t<div class=\"elementor-widget-container\">\n\t\t\t\t\t\t\t<div class=\"elementor-spacer\">\n\t\t\t<div class=\"elementor-spacer-inner\"><\/div>\n\t\t<\/div>\n\t\t\t\t\t\t<\/div>\n\t\t\t\t<\/div>\n\t\t\t\t\t<\/div>\n\t\t<\/div>\n\t\t\t\t\t<\/div>\n\t\t<\/section>\n\t\t\t\t<section class=\"elementor-section elementor-top-section elementor-element elementor-element-d5a6639 elementor-section-boxed elementor-section-height-default elementor-section-height-default\" data-id=\"d5a6639\" data-element_type=\"section\">\n\t\t\t\t\t\t<div class=\"elementor-container elementor-column-gap-default\">\n\t\t\t\t\t<div class=\"elementor-column elementor-col-50 elementor-top-column elementor-element elementor-element-c1b6c41\" data-id=\"c1b6c41\" data-element_type=\"column\">\n\t\t\t<div class=\"elementor-widget-wrap elementor-element-populated\">\n\t\t\t\t\t\t<div class=\"elementor-element elementor-element-2d3e382 elementor-widget elementor-widget-text-editor\" data-id=\"2d3e382\" data-element_type=\"widget\" data-widget_type=\"text-editor.default\">\n\t\t\t\t<div class=\"elementor-widget-container\">\n\t\t\t\t\t\t\t\t\t<p>Feinstaub, C0\u00b2, Stickstoff: Unter Emissionen versteht jeder etwas anderes. Fakt ist: Neben CO\u00b2 und Feinstaub-Partikeln sind Stickstoff, Schwefeldioxid und NMVOC relevant \u2013 das sind fl\u00fcchtige, kohlenstoffhaltige Stoffe, die Oxidantien erzeugen \u2013 sich also negativ auf die Umwelt auswirken k\u00f6nnen. Gerade bei PKWs stand das Thema Feinstaub-Emission in den letzten Jahren im Fokus der \u00d6ffentlichkeit.<\/p>\n<p><\/p>\n<p><strong>Wie sieht das eigentlich bei LKWs aus?<\/strong><\/p>\n<p>Das Umweltbundesamt untersucht laufend Transportemissionen. Wichtig ist dabei: F\u00fcr die Auswertung wird der Durchschnitt aller LKW genommen, die unterwegs sind. Es werden die Emissionen pro gefahrenen Kilometer pro Tonne berechnet. Insgesamt l\u00e4sst sich feststellen, dass die Emissionen in allen Bereichen stark verringert werden konnten.&nbsp;<span style=\"font-family: var( --e-global-typography-text-font-family ), Sans-serif; font-weight: var( --e-global-typography-text-font-weight );\">Die Emissionen wurden von 1995 bis 2019 sogar um \u00fcber 30 Prozent gesenkt (Quelle: Umweltbundesamt). Grund daf\u00fcr sind unter anderem Neuerungen in der Motor- und Abgastechnik, aber auch die Qualit\u00e4t der Kraftstoffe. Gleichzeitig wird heute wesentlich mehr transportiert \u2013 denn mehr Konsum f\u00fchrt zu mehr Speditions- und Logistikbedarf.<\/span><\/p>\n<p><\/p>\n<p><strong>Wie schneidet ein LKW im Vergleich zum PKW ab?<\/strong><\/p>\n<p>Vergleicht man die spezifischen Emissionen des Bundesumweltamts, sieht es f\u00fcr den PKW vergleichsweise schlecht aus: Die CO\u00b2-Emissionen konnten f\u00fcr PKW in den letzten Jahren nur um 5 Prozent gesenkt werden, bei LKW um mehr als 32 Prozent.&nbsp;<span style=\"font-family: var( --e-global-typography-text-font-family ), Sans-serif; font-weight: var( --e-global-typography-text-font-weight );\">Der individualisierte Verkehr im PKW ist seit Jahren anhaltend gestiegen \u2013 um fast 34 Prozent zwischen 1991 und 2019 (Quelle: Bundesumweltamt). PKWs machen mit rund 62 Prozent den Gro\u00dfteil des ausgesto\u00dfenen CO\u00b2 im Stra\u00dfenverkehr aus \u2013 bei schweren Nutzfahrzeugen sind es 26 Prozent. Dazugez\u00e4hlt werden in dieser Kategorie auch Busse (Quelle: Statistisches Bundesamt 2020).<\/span><\/p>\n<p><\/p>\n<p><strong>Wie es weitergeht: Alternative Antriebe<\/strong><\/p>\n<p>Alternative Antriebe sind im Stra\u00dfeng\u00fcterverkehr schon seit L\u00e4ngerem Thema.<\/p>\n<p>Der Hersteller MAN arbeitet aktuell an ersten Prototypen mit Wasserstoffantrieb. Mit der neuen Technologie k\u00f6nnten emissionsfreie Transporte Wirklichkeit werden. Die Reichweiten von etwa 800 Kilometer sind auch f\u00fcr den Einsatz im Fernverkehr geeignet. Tankm\u00f6glichkeiten w\u00fcrden durch die Umstellung von Gas- auf Wasserstofftanks funktionieren, denn das deutsche Gasnetz ist relativ engmaschig vorhanden.<\/p>\n<p>Probleme sieht der Hersteller derzeit noch mit der erforderlichen Komprimierung oder der alternativ notwendigen Tiefk\u00fchlung des Wasserstoffs f\u00fcr den Transport (Quelle: MAN). Saubere und nachhaltige Lieferketten werden in den n\u00e4chsten Jahren immer mehr Aufmerksamkeit bekommen. Hersteller geraten auch deshalb immer mehr unter Druck: Besonders in der Modebranche, aber auch in der Logistik kommt es immer wieder zu Berichterstattungen, die gro\u00dfe Unternehmen wegen ihrer fehlenden Initiative in die Mangel nehmen.<\/p>\n<p><\/p>\t\t\t\t\t\t\t\t<\/div>\n\t\t\t\t<\/div>\n\t\t\t\t<div class=\"elementor-element elementor-element-071673c elementor-widget elementor-widget-spacer\" data-id=\"071673c\" data-element_type=\"widget\" data-widget_type=\"spacer.default\">\n\t\t\t\t<div class=\"elementor-widget-container\">\n\t\t\t\t\t\t\t<div class=\"elementor-spacer\">\n\t\t\t<div class=\"elementor-spacer-inner\"><\/div>\n\t\t<\/div>\n\t\t\t\t\t\t<\/div>\n\t\t\t\t<\/div>\n\t\t\t\t\t<\/div>\n\t\t<\/div>\n\t\t\t\t<div class=\"elementor-column elementor-col-50 elementor-top-column elementor-element elementor-element-ba28366\" data-id=\"ba28366\" data-element_type=\"column\">\n\t\t\t<div class=\"elementor-widget-wrap elementor-element-populated\">\n\t\t\t\t\t\t<div class=\"elementor-element elementor-element-0db5774 elementor-widget elementor-widget-image\" data-id=\"0db5774\" data-element_type=\"widget\" data-widget_type=\"image.default\">\n\t\t\t\t<div class=\"elementor-widget-container\">\n\t\t\t\t\t\t\t\t\t\t\t\t\t\t\t<img fetchpriority=\"high\" decoding=\"async\" width=\"1024\" height=\"683\" src=\"https:\/\/www.provectra.de\/wp-content\/uploads\/2021\/08\/LKW-PKW_bw-1024x683.jpg\" class=\"attachment-large size-large wp-image-4483\" alt=\"Umwelts\u00fcnder LKW?\" srcset=\"https:\/\/www.provectra.de\/wp-content\/uploads\/2021\/08\/LKW-PKW_bw-1024x683.jpg 1024w, https:\/\/www.provectra.de\/wp-content\/uploads\/2021\/08\/LKW-PKW_bw-scaled-590x393.jpg 590w, https:\/\/www.provectra.de\/wp-content\/uploads\/2021\/08\/LKW-PKW_bw-300x200.jpg 300w, https:\/\/www.provectra.de\/wp-content\/uploads\/2021\/08\/LKW-PKW_bw-768x512.jpg 768w, https:\/\/www.provectra.de\/wp-content\/uploads\/2021\/08\/LKW-PKW_bw-1536x1024.jpg 1536w, https:\/\/www.provectra.de\/wp-content\/uploads\/2021\/08\/LKW-PKW_bw-2048x1365.jpg 2048w, https:\/\/www.provectra.de\/wp-content\/uploads\/2021\/08\/LKW-PKW_bw-18x12.jpg 18w\" sizes=\"(max-width: 1024px) 100vw, 1024px\" \/>\t\t\t\t\t\t\t\t\t\t\t\t\t\t\t<\/div>\n\t\t\t\t<\/div>\n\t\t\t\t<div class=\"elementor-element elementor-element-703e381 elementor-widget elementor-widget-heading\" data-id=\"703e381\" data-element_type=\"widget\" data-widget_type=\"heading.default\">\n\t\t\t\t<div class=\"elementor-widget-container\">\n\t\t\t\t\t<h2 class=\"elementor-heading-title elementor-size-default\"><i>Die CO\u00b2-Emissionen von LKW konnten in den letzten Jahren um mehr als 30 Prozent gesenkt werden.<\/i><\/h2>\t\t\t\t<\/div>\n\t\t\t\t<\/div>\n\t\t\t\t\t<\/div>\n\t\t<\/div>\n\t\t\t\t\t<\/div>\n\t\t<\/section>\n\t\t\t\t<section class=\"elementor-section elementor-top-section elementor-element elementor-element-48e9d1f elementor-section-boxed elementor-section-height-default elementor-section-height-default\" data-id=\"48e9d1f\" data-element_type=\"section\">\n\t\t\t\t\t\t<div class=\"elementor-container elementor-column-gap-default\">\n\t\t\t\t\t<div class=\"elementor-column elementor-col-100 elementor-top-column elementor-element elementor-element-7d81dc3\" data-id=\"7d81dc3\" data-element_type=\"column\">\n\t\t\t<div class=\"elementor-widget-wrap elementor-element-populated\">\n\t\t\t\t\t\t<div class=\"elementor-element elementor-element-917c080 elementor-widget elementor-widget-text-editor\" data-id=\"917c080\" data-element_type=\"widget\" data-widget_type=\"text-editor.default\">\n\t\t\t\t<div class=\"elementor-widget-container\">\n\t\t\t\t\t\t\t\t\t<p><strong>Provectra\u00ae <\/strong>besch\u00e4ftigt intensiv mit nachhaltigen Lieferketten und mit innovativen Logistikl\u00f6sungen.&nbsp;<\/p><p>Sie m\u00f6chten mehr \u00fcber die Logistik-Trends der Zukunft erfahren?&nbsp;<\/p>\t\t\t\t\t\t\t\t<\/div>\n\t\t\t\t<\/div>\n\t\t\t\t\t<\/div>\n\t\t<\/div>\n\t\t\t\t\t<\/div>\n\t\t<\/section>\n\t\t\t\t<section class=\"elementor-section elementor-top-section elementor-element elementor-element-9be303c elementor-section-boxed elementor-section-height-default elementor-section-height-default\" data-id=\"9be303c\" data-element_type=\"section\">\n\t\t\t\t\t\t<div class=\"elementor-container elementor-column-gap-default\">\n\t\t\t\t\t<div class=\"elementor-column elementor-col-100 elementor-top-column elementor-element elementor-element-cff4635\" data-id=\"cff4635\" data-element_type=\"column\">\n\t\t\t<div class=\"elementor-widget-wrap elementor-element-populated\">\n\t\t\t\t\t\t<div class=\"elementor-element elementor-element-ac82a5a elementor-align-center elementor-widget elementor-widget-button\" data-id=\"ac82a5a\" data-element_type=\"widget\" data-widget_type=\"button.default\">\n\t\t\t\t<div class=\"elementor-widget-container\">\n\t\t\t\t\t\t\t\t\t<div class=\"elementor-button-wrapper\">\n\t\t\t\t\t<a class=\"elementor-button elementor-button-link elementor-size-sm\" href=\"https:\/\/www.provectra.de\/de\/kontakt\/\" target=\"_blank\">\n\t\t\t\t\t\t<span class=\"elementor-button-content-wrapper\">\n\t\t\t\t\t\t\t\t\t<span class=\"elementor-button-text\">Sprechen Sie uns einfach an!<\/span>\n\t\t\t\t\t<\/span>\n\t\t\t\t\t<\/a>\n\t\t\t\t<\/div>\n\t\t\t\t\t\t\t\t<\/div>\n\t\t\t\t<\/div>\n\t\t\t\t\t<\/div>\n\t\t<\/div>\n\t\t\t\t\t<\/div>\n\t\t<\/section>\n\t\t\t\t<\/div>\n\t\t","protected":false},"excerpt":{"rendered":"<p>Umwelts\u00fcnder LKW? So steht es wirklich um die Emissionen Lesezeit: ca. 3 Minuten Feinstaub, C0\u00b2, Stickstoff: Unter Emissionen versteht jeder etwas anderes. Fakt ist: Neben CO\u00b2 und Feinstaub-Partikeln sind Stickstoff, Schwefeldioxid und NMVOC relevant \u2013 das sind fl\u00fcchtige, kohlenstoffhaltige Stoffe, die Oxidantien erzeugen \u2013 sich also negativ auf die Umwelt auswirken k\u00f6nnen. Gerade bei PKWs [&hellip;]<\/p>\n","protected":false},"author":2,"featured_media":0,"parent":0,"menu_order":0,"comment_status":"closed","ping_status":"closed","template":"","meta":{"ocean_post_layout":"","ocean_both_sidebars_style":"","ocean_both_sidebars_content_width":0,"ocean_both_sidebars_sidebars_width":0,"ocean_sidebar":"","ocean_second_sidebar":"","ocean_disable_margins":"enable","ocean_add_body_class":"","ocean_shortcode_before_top_bar":"","ocean_shortcode_after_top_bar":"","ocean_shortcode_before_header":"","ocean_shortcode_after_header":"","ocean_has_shortcode":"","ocean_shortcode_after_title":"","ocean_shortcode_before_footer_widgets":"","ocean_shortcode_after_footer_widgets":"","ocean_shortcode_before_footer_bottom":"","ocean_shortcode_after_footer_bottom":"","ocean_display_top_bar":"default","ocean_display_header":"default","ocean_header_style":"","ocean_center_header_left_menu":"","ocean_custom_header_template":"","ocean_custom_logo":0,"ocean_custom_retina_logo":0,"ocean_custom_logo_max_width":0,"ocean_custom_logo_tablet_max_width":0,"ocean_custom_logo_mobile_max_width":0,"ocean_custom_logo_max_height":0,"ocean_custom_logo_tablet_max_height":0,"ocean_custom_logo_mobile_max_height":0,"ocean_header_custom_menu":"","ocean_menu_typo_font_family":"","ocean_menu_typo_font_subset":"","ocean_menu_typo_font_size":0,"ocean_menu_typo_font_size_tablet":0,"ocean_menu_typo_font_size_mobile":0,"ocean_menu_typo_font_size_unit":"px","ocean_menu_typo_font_weight":"","ocean_menu_typo_font_weight_tablet":"","ocean_menu_typo_font_weight_mobile":"","ocean_menu_typo_transform":"","ocean_menu_typo_transform_tablet":"","ocean_menu_typo_transform_mobile":"","ocean_menu_typo_line_height":0,"ocean_menu_typo_line_height_tablet":0,"ocean_menu_typo_line_height_mobile":0,"ocean_menu_typo_line_height_unit":"","ocean_menu_typo_spacing":0,"ocean_menu_typo_spacing_tablet":0,"ocean_menu_typo_spacing_mobile":0,"ocean_menu_typo_spacing_unit":"","ocean_menu_link_color":"","ocean_menu_link_color_hover":"","ocean_menu_link_color_active":"","ocean_menu_link_background":"","ocean_menu_link_hover_background":"","ocean_menu_link_active_background":"","ocean_menu_social_links_bg":"","ocean_menu_social_hover_links_bg":"","ocean_menu_social_links_color":"","ocean_menu_social_hover_links_color":"","ocean_disable_title":"default","ocean_disable_heading":"default","ocean_post_title":"","ocean_post_subheading":"","ocean_post_title_style":"","ocean_post_title_background_color":"","ocean_post_title_background":0,"ocean_post_title_bg_image_position":"","ocean_post_title_bg_image_attachment":"","ocean_post_title_bg_image_repeat":"","ocean_post_title_bg_image_size":"","ocean_post_title_height":0,"ocean_post_title_bg_overlay":0.5,"ocean_post_title_bg_overlay_color":"","ocean_disable_breadcrumbs":"default","ocean_breadcrumbs_color":"","ocean_breadcrumbs_separator_color":"","ocean_breadcrumbs_links_color":"","ocean_breadcrumbs_links_hover_color":"","ocean_display_footer_widgets":"default","ocean_display_footer_bottom":"default","ocean_custom_footer_template":"","footnotes":""},"yoast_head":"<!-- This site is optimized with the Yoast SEO plugin v22.8 - https:\/\/yoast.com\/wordpress\/plugins\/seo\/ -->\n<title>Umwelts\u00fcnder LKW? So steht es wirklich um die Emissionen &#183; provectra<\/title>\n<meta name=\"robots\" content=\"index, follow, max-snippet:-1, max-image-preview:large, max-video-preview:-1\" \/>\n<link rel=\"canonical\" href=\"https:\/\/www.provectra.de\/de\/umweltsuender-lkw\/\" \/>\n<meta property=\"og:locale\" content=\"de_DE\" \/>\n<meta property=\"og:type\" content=\"article\" \/>\n<meta property=\"og:title\" content=\"Umwelts\u00fcnder LKW? So steht es wirklich um die Emissionen &#183; provectra\" \/>\n<meta property=\"og:description\" content=\"Umwelts\u00fcnder LKW? So steht es wirklich um die Emissionen Lesezeit: ca. 3 Minuten Feinstaub, C0\u00b2, Stickstoff: Unter Emissionen versteht jeder etwas anderes. Fakt ist: Neben CO\u00b2 und Feinstaub-Partikeln sind Stickstoff, Schwefeldioxid und NMVOC relevant \u2013 das sind fl\u00fcchtige, kohlenstoffhaltige Stoffe, die Oxidantien erzeugen \u2013 sich also negativ auf die Umwelt auswirken k\u00f6nnen. Gerade bei PKWs [&hellip;]\" \/>\n<meta property=\"og:url\" content=\"https:\/\/www.provectra.de\/de\/umweltsuender-lkw\/\" \/>\n<meta property=\"og:site_name\" content=\"provectra\" \/>\n<meta property=\"article:modified_time\" content=\"2021-10-26T14:58:10+00:00\" \/>\n<meta property=\"og:image\" content=\"https:\/\/www.provectra.de\/wp-content\/uploads\/2021\/08\/LKW-PKW_bw-1024x683.jpg\" \/>\n<meta name=\"twitter:card\" content=\"summary_large_image\" \/>\n<meta name=\"twitter:label1\" content=\"Gesch\u00e4tzte Lesezeit\" \/>\n\t<meta name=\"twitter:data1\" content=\"3\u00a0Minuten\" \/>\n<script type=\"application\/ld+json\" class=\"yoast-schema-graph\">{\"@context\":\"https:\/\/schema.org\",\"@graph\":[{\"@type\":\"WebPage\",\"@id\":\"https:\/\/www.provectra.de\/de\/umweltsuender-lkw\/\",\"url\":\"https:\/\/www.provectra.de\/de\/umweltsuender-lkw\/\",\"name\":\"Umwelts\u00fcnder LKW? So steht es wirklich um die Emissionen &#183; provectra\",\"isPartOf\":{\"@id\":\"https:\/\/www.provectra.de\/de\/#website\"},\"primaryImageOfPage\":{\"@id\":\"https:\/\/www.provectra.de\/de\/umweltsuender-lkw\/#primaryimage\"},\"image\":{\"@id\":\"https:\/\/www.provectra.de\/de\/umweltsuender-lkw\/#primaryimage\"},\"thumbnailUrl\":\"https:\/\/www.provectra.de\/wp-content\/uploads\/2021\/08\/LKW-PKW_bw-1024x683.jpg\",\"datePublished\":\"2021-09-02T06:15:37+00:00\",\"dateModified\":\"2021-10-26T14:58:10+00:00\",\"breadcrumb\":{\"@id\":\"https:\/\/www.provectra.de\/de\/umweltsuender-lkw\/#breadcrumb\"},\"inLanguage\":\"de\",\"potentialAction\":[{\"@type\":\"ReadAction\",\"target\":[\"https:\/\/www.provectra.de\/de\/umweltsuender-lkw\/\"]}]},{\"@type\":\"ImageObject\",\"inLanguage\":\"de\",\"@id\":\"https:\/\/www.provectra.de\/de\/umweltsuender-lkw\/#primaryimage\",\"url\":\"https:\/\/www.provectra.de\/wp-content\/uploads\/2021\/08\/LKW-PKW_bw-1024x683.jpg\",\"contentUrl\":\"https:\/\/www.provectra.de\/wp-content\/uploads\/2021\/08\/LKW-PKW_bw-1024x683.jpg\"},{\"@type\":\"BreadcrumbList\",\"@id\":\"https:\/\/www.provectra.de\/de\/umweltsuender-lkw\/#breadcrumb\",\"itemListElement\":[{\"@type\":\"ListItem\",\"position\":1,\"name\":\"Startseite\",\"item\":\"https:\/\/www.provectra.de\/\"},{\"@type\":\"ListItem\",\"position\":2,\"name\":\"Umwelts\u00fcnder LKW? So steht es wirklich um die Emissionen\"}]},{\"@type\":\"WebSite\",\"@id\":\"https:\/\/www.provectra.de\/de\/#website\",\"url\":\"https:\/\/www.provectra.de\/de\/\",\"name\":\"provectra\",\"description\":\"Consulting Spedition Logistik\",\"publisher\":{\"@id\":\"https:\/\/www.provectra.de\/de\/#organization\"},\"potentialAction\":[{\"@type\":\"SearchAction\",\"target\":{\"@type\":\"EntryPoint\",\"urlTemplate\":\"https:\/\/www.provectra.de\/de\/?s={search_term_string}\"},\"query-input\":\"required name=search_term_string\"}],\"inLanguage\":\"de\"},{\"@type\":\"Organization\",\"@id\":\"https:\/\/www.provectra.de\/de\/#organization\",\"name\":\"Provectra GmbH\",\"url\":\"https:\/\/www.provectra.de\/de\/\",\"logo\":{\"@type\":\"ImageObject\",\"inLanguage\":\"de\",\"@id\":\"https:\/\/www.provectra.de\/de\/#\/schema\/logo\/image\/\",\"url\":\"https:\/\/www.provectra.de\/wp-content\/uploads\/2020\/01\/provectra_favicon1.png\",\"contentUrl\":\"https:\/\/www.provectra.de\/wp-content\/uploads\/2020\/01\/provectra_favicon1.png\",\"width\":512,\"height\":512,\"caption\":\"Provectra GmbH\"},\"image\":{\"@id\":\"https:\/\/www.provectra.de\/de\/#\/schema\/logo\/image\/\"}}]}<\/script>\n<!-- \/ Yoast SEO plugin. -->","yoast_head_json":{"title":"Umwelts\u00fcnder LKW? So steht es wirklich um die Emissionen &#183; provectra","robots":{"index":"index","follow":"follow","max-snippet":"max-snippet:-1","max-image-preview":"max-image-preview:large","max-video-preview":"max-video-preview:-1"},"canonical":"https:\/\/www.provectra.de\/de\/umweltsuender-lkw\/","og_locale":"de_DE","og_type":"article","og_title":"Umwelts\u00fcnder LKW? So steht es wirklich um die Emissionen &#183; provectra","og_description":"Umwelts\u00fcnder LKW? So steht es wirklich um die Emissionen Lesezeit: ca. 3 Minuten Feinstaub, C0\u00b2, Stickstoff: Unter Emissionen versteht jeder etwas anderes. Fakt ist: Neben CO\u00b2 und Feinstaub-Partikeln sind Stickstoff, Schwefeldioxid und NMVOC relevant \u2013 das sind fl\u00fcchtige, kohlenstoffhaltige Stoffe, die Oxidantien erzeugen \u2013 sich also negativ auf die Umwelt auswirken k\u00f6nnen. Gerade bei PKWs [&hellip;]","og_url":"https:\/\/www.provectra.de\/de\/umweltsuender-lkw\/","og_site_name":"provectra","article_modified_time":"2021-10-26T14:58:10+00:00","og_image":[{"url":"https:\/\/www.provectra.de\/wp-content\/uploads\/2021\/08\/LKW-PKW_bw-1024x683.jpg"}],"twitter_card":"summary_large_image","twitter_misc":{"Gesch\u00e4tzte Lesezeit":"3\u00a0Minuten"},"schema":{"@context":"https:\/\/schema.org","@graph":[{"@type":"WebPage","@id":"https:\/\/www.provectra.de\/de\/umweltsuender-lkw\/","url":"https:\/\/www.provectra.de\/de\/umweltsuender-lkw\/","name":"Umwelts\u00fcnder LKW? So steht es wirklich um die Emissionen &#183; provectra","isPartOf":{"@id":"https:\/\/www.provectra.de\/de\/#website"},"primaryImageOfPage":{"@id":"https:\/\/www.provectra.de\/de\/umweltsuender-lkw\/#primaryimage"},"image":{"@id":"https:\/\/www.provectra.de\/de\/umweltsuender-lkw\/#primaryimage"},"thumbnailUrl":"https:\/\/www.provectra.de\/wp-content\/uploads\/2021\/08\/LKW-PKW_bw-1024x683.jpg","datePublished":"2021-09-02T06:15:37+00:00","dateModified":"2021-10-26T14:58:10+00:00","breadcrumb":{"@id":"https:\/\/www.provectra.de\/de\/umweltsuender-lkw\/#breadcrumb"},"inLanguage":"de","potentialAction":[{"@type":"ReadAction","target":["https:\/\/www.provectra.de\/de\/umweltsuender-lkw\/"]}]},{"@type":"ImageObject","inLanguage":"de","@id":"https:\/\/www.provectra.de\/de\/umweltsuender-lkw\/#primaryimage","url":"https:\/\/www.provectra.de\/wp-content\/uploads\/2021\/08\/LKW-PKW_bw-1024x683.jpg","contentUrl":"https:\/\/www.provectra.de\/wp-content\/uploads\/2021\/08\/LKW-PKW_bw-1024x683.jpg"},{"@type":"BreadcrumbList","@id":"https:\/\/www.provectra.de\/de\/umweltsuender-lkw\/#breadcrumb","itemListElement":[{"@type":"ListItem","position":1,"name":"Startseite","item":"https:\/\/www.provectra.de\/"},{"@type":"ListItem","position":2,"name":"Umwelts\u00fcnder LKW? So steht es wirklich um die Emissionen"}]},{"@type":"WebSite","@id":"https:\/\/www.provectra.de\/de\/#website","url":"https:\/\/www.provectra.de\/de\/","name":"provectra","description":"Consulting Spedition Logistik","publisher":{"@id":"https:\/\/www.provectra.de\/de\/#organization"},"potentialAction":[{"@type":"SearchAction","target":{"@type":"EntryPoint","urlTemplate":"https:\/\/www.provectra.de\/de\/?s={search_term_string}"},"query-input":"required name=search_term_string"}],"inLanguage":"de"},{"@type":"Organization","@id":"https:\/\/www.provectra.de\/de\/#organization","name":"Provectra GmbH","url":"https:\/\/www.provectra.de\/de\/","logo":{"@type":"ImageObject","inLanguage":"de","@id":"https:\/\/www.provectra.de\/de\/#\/schema\/logo\/image\/","url":"https:\/\/www.provectra.de\/wp-content\/uploads\/2020\/01\/provectra_favicon1.png","contentUrl":"https:\/\/www.provectra.de\/wp-content\/uploads\/2020\/01\/provectra_favicon1.png","width":512,"height":512,"caption":"Provectra GmbH"},"image":{"@id":"https:\/\/www.provectra.de\/de\/#\/schema\/logo\/image\/"}}]}},"jetpack_sharing_enabled":true,"_links":{"self":[{"href":"https:\/\/www.provectra.de\/de\/wp-json\/wp\/v2\/pages\/4581"}],"collection":[{"href":"https:\/\/www.provectra.de\/de\/wp-json\/wp\/v2\/pages"}],"about":[{"href":"https:\/\/www.provectra.de\/de\/wp-json\/wp\/v2\/types\/page"}],"author":[{"embeddable":true,"href":"https:\/\/www.provectra.de\/de\/wp-json\/wp\/v2\/users\/2"}],"replies":[{"embeddable":true,"href":"https:\/\/www.provectra.de\/de\/wp-json\/wp\/v2\/comments?post=4581"}],"version-history":[{"count":63,"href":"https:\/\/www.provectra.de\/de\/wp-json\/wp\/v2\/pages\/4581\/revisions"}],"predecessor-version":[{"id":5407,"href":"https:\/\/www.provectra.de\/de\/wp-json\/wp\/v2\/pages\/4581\/revisions\/5407"}],"wp:attachment":[{"href":"https:\/\/www.provectra.de\/de\/wp-json\/wp\/v2\/media?parent=4581"}],"curies":[{"name":"wp","href":"https:\/\/api.w.org\/{rel}","templated":true}]}}